{"id":74217,"date":"2024-04-03T15:13:38","date_gmt":"2024-04-03T13:13:38","guid":{"rendered":"https:\/\/www.iskreni.net\/trgovina\/?post_type=product&#038;p=74217"},"modified":"2026-04-01T01:08:03","modified_gmt":"2026-03-31T23:08:03","slug":"tukaj-sem-jezus","status":"publish","type":"product","link":"https:\/\/www.iskreni.net\/trgovina\/product\/tukaj-sem-jezus\/","title":{"rendered":"Tukaj sem, Jezus"},"content":{"rendered":"<h3><span style=\"font-size: 14pt; color: #ff0000;\"><strong>Knjiga je iz\u0161la ob 100. obletnici rojstva in 20. obletnici smrti p. Ivana \u017du\u017eka.<\/strong><\/span><\/h3>\n<h3><strong>O knjigi:<\/strong><\/h3>\n<p>Knjiga\u00a0<strong>Tukaj sem, Jezus\u00a0<\/strong>govori o \u017eivljenju in delu p. Ivana \u017du\u017eka. V Sloveniji ne prav dobro poznanega jezuita predstavlja skozi o\u010di vrana Pavleta in pikapolonice Ive, ki \u017eelita nagovarjati predvsem najmlaj\u0161e bralce (in poslu\u0161alce).<\/p>\n<p>P. Ivan \u017du\u017eek je svoja aktivna leta pre\u017eivel v Rimu. Po vojni se mu je skupaj z bratom uspelo re\u0161iti z vlaka, ki bi ju pripeljal v tabori\u0161\u010de na Teharjah. V Italiji je vstopil k jezuitom in se po \u0161tudiju in ma\u0161ni\u0161kem posve\u010denju posvetil predvsem pravu vzhodnih katoli\u0161kih Cerkva. Bil je eden najzaslu\u017enej\u0161ih za nastanek Zakonika kanonov vzhodnih Cerkva, za kar se mu je pape\u017e Janez Pavel II. zahvalil s podpisanim izvodom. Obenem pa se je posve\u010dal tudi pastoralni dejavnosti v Zdru\u017eenju evropskih skavtov v Italiji.<\/p>\n<p>Naslov knjige\u00a0<strong>Tukaj sem, Jezus<\/strong> je prevod naslova molitvenika za najmlaj\u0161e skavtinje <em><strong>Eccomi Ges\u00fa, <\/strong><\/em>ki je po besedah p. Ivana njegovo najpomembnej\u0161e delo. Obenem pa je to tudi nekak\u0161no vodilo njegovega celotnega \u017eivljenja. Z vstopom v Dru\u017ebo Jezusovo se je dal Bogu povsem na razpolago in to svojo razpolo\u017eljivost udejanjil s slu\u017eenjem pape\u017eu, s katerim se je ob pripravi zakonika sre\u010deval na tedenski ravni, kot tudi s slu\u017eenjem najmlaj\u0161i veji italijanskih skavtinj, pikapolonicam, ki jih je duhovno spremljal ve\u010d desetletij.<\/p>\n<p>&nbsp;<\/p>\n<p><span style=\"color: #ff0000;\"><strong>Vas zanimajo tudi \u0161marnice za odrasle?\u00a0<\/strong><\/span><span style=\"color: #000000;\">Ivan Sivec v knjigi\u00a0<strong><a href=\"https:\/\/www.iskreni.net\/trgovina\/product\/nasa-koroska-mati\/\" target=\"_blank\" rel=\"noopener\">Na\u0161a koro\u0161ka mati<\/a>\u00a0<\/strong>popisuje \u017eivljenje sv. Eme Kr\u0161ke, prve slovenske svetnice. Dobite jo <a style=\"color: #000000;\" href=\"https:\/\/www.iskreni.net\/trgovina\/product\/nasa-koroska-mati\/\">tule<\/a>.<\/span><\/p>\n<p>&nbsp;<\/p>\n<h3><strong>O avtorici:<\/strong><\/h3>\n<p>Lucija \u010cak\u0161 je \u017eena, mama treh osnovno\u0161olcev, katehistinja in ve\u0161\u010da. Pisanja, namre\u010d. Pri 36 letih je napisala svoje prve\u00a0\u0161marnice, ker jo je za to prosil Rok Pisk, avtor dokumentarnega filma o p. Ivanu \u017du\u017eku. In ker je to zgodba, za katero je\u00a0takoj vedela, da jo je treba povedati. Od tedaj ima zaradi p. Ivana pogosto te\u017eave s cvetnim prahom. Poleg pri\u010dujo\u010dih \u0161marnic\u00a0je napisala tudi dva skavtska mladinska romana <a href=\"https:\/\/www.iskreni.net\/trgovina\/product\/potem-pa-svizci-zavijejo-mehka-vezava\/\" target=\"_blank\" rel=\"noopener\">Potem pa Svizci zavijejo &#8230;<\/a> in <a href=\"https:\/\/www.iskreni.net\/trgovina\/product\/potem-pa-svizci-nasankajo-trda-vezava\/\" target=\"_blank\" rel=\"noopener\">Potem pa Svizci nasankajo &#8230;<\/a><\/p>\n<p>&nbsp;<\/p>\n<h3><strong>O nastanku knjige:<\/strong><\/h3>\n<p>Nekega jesenskega dne leta 2022 je Rok napisal zasebno sporo\u010dilo Luciji: \u00bbLucija, a bi ti napisala \u0161marnice?\u00ab<\/p>\n<p>Odpisala je: \u00bbRok, Bog te je poslal.\u00ab Ker si je \u017ee dolgo \u017eelela napisati \u0161marnice.<\/p>\n<p>Seznanil jo je z likom in delom p. Ivana \u017du\u017eka ter ji hitro in duhovito odgovarjal na vpra\u0161anja, ki jih je imela ob pisanju. In vse izdatno podprl z molitvijo. Lucija verjame, da je zgodbo p. Ivana preprosto treba povedati. Da se o tem \u010dudovitem jezuitu, tako spo\u0161tovanem in priljubljenem v Italiji, razve tudi po njegovi domovini. \u010ce zmore napisati te \u0161marnice, jih preprosto mora.<\/p>\n<p>\u00bbSe puoi, devi.\u00ab Oziroma: \u00bb\u010ce more\u0161, mora\u0161,\u00ab kot bi rekel p. Ivan.<\/p>\n<p><b data-stringify-type=\"bold\">Zakaj je Lucija dobila SMS Roka Piska?<\/b><\/p>\n<p>Rok: &#8220;\u0160marnice sem dal nekako na stranski tir. Idej sem imel veliko, \u010dasa malo, pisati pa ne znam. Dokler nisem septembra 2022 v sanjah dobil preblisk: Lucija \u010cak\u0161! Do danes je \u0161e nisem sre\u010dal, vendar vem, da je bila prava oseba za ta izziv. Zakaj? Ker jo je zgled p. Ivana prevzel. Ker je ohranila \u017eeljo, da \u0161marnice njegovega \u017eivljenja in dela ne banalizirajo, ampak trdno stojijo na zgodovinskih dejstvih. Ker preprosto zna napisati \u0161e tako kompleksne stvari na otrokom doma\u010d na\u010din.&#8221;<\/p>\n<p>&nbsp;<\/p>\n","protected":false},"excerpt":{"rendered":"<p><strong>Ilustracije: <\/strong>Ne\u017ea \u0160ivec<strong><br \/>\nLeto izdaje:<\/strong>\u00a02024<br \/>\n<strong>\u0160tevilo strani:<\/strong> 76<strong><br \/>\n<\/strong><strong>Mere: <\/strong>145 x 200 mm<\/p>\n<p><span style=\"font-size: 14pt;\"><em><strong>\u017divljenje in delo p. Ivana \u017du\u017eka DJ<\/strong><\/em><\/span><\/p>\n<p><span style=\"font-size: 14pt; color: #339966;\"><strong>Otro\u0161ke \u0161marnice za leto 2024!<\/strong><\/span><\/p>\n<p><strong style=\"color: #000000; font-size: 14pt;\">Za zveste obiskovalce \u0161marnic smo pripravili tudi nagradno pobarvanko in diplomo. Dobite ju <a href=\"https:\/\/www.iskreni.net\/trgovina\/product\/tukaj-sem-jezus-komplet-nagradne-pobarvanke-in-diplome\/\" target=\"_blank\" rel=\"noopener\">tule<\/a>!<\/strong><\/p>\n","protected":false},"featured_media":74336,"comment_status":"open","ping_status":"closed","template":"","meta":[],"product_brand":[],"product_cat":[2324,1430,63,135],"product_tag":[793,2751,1429],"avtor":[2332],"zalozba":[2305],"vezava":[2307],"class_list":{"0":"post-74217","1":"product","2":"type-product","3":"status-publish","4":"has-post-thumbnail","6":"product_cat-duhovnost-in-osebna-rast","7":"product_cat-iz-nase-zalozbe","8":"product_cat-knjige","9":"product_cat-za-otroke","10":"product_tag-biografija","11":"product_tag-smarnice","12":"product_tag-zavod-iskreni","13":"avtor-lucija-caks","14":"zalozba-zavod-iskreni","15":"vezava-mehka","17":"first","18":"instock","19":"sale","20":"taxable","21":"shipping-taxable","22":"purchasable","23":"product-type-simple"},"yoast_head":"<!-- This site is optimized with the Yoast SEO plugin v26.3 - https:\/\/yoast.com\/wordpress\/plugins\/seo\/ -->\n<title>Lucija \u010cak\u0161 - Tukaj sem, Jezus - \u017divljenje p. Ivana \u017du\u017eka - Iskreni<\/title>\n<meta name=\"description\" content=\"&quot;Tukaj sem, Jezus&quot; govori o p. Ivanu \u017du\u017eku, jezuitu, ki je svoje \u017eivljenje posvetil na eni strani zakoniku vzhodnih Cerkva in na drugi najmlaj\u0161im skavtom.\" \/>\n<meta name=\"robots\" content=\"index, follow, max-snippet:-1, max-image-preview:large, max-video-preview:-1\" \/>\n<link rel=\"canonical\" href=\"https:\/\/www.iskreni.net\/trgovina\/product\/tukaj-sem-jezus\/\" \/>\n<meta property=\"og:locale\" content=\"sl_SI\" \/>\n<meta property=\"og:type\" content=\"article\" \/>\n<meta property=\"og:title\" content=\"Lucija \u010cak\u0161 - Tukaj sem, Jezus - \u017divljenje p. Ivana \u017du\u017eka - Iskreni\" \/>\n<meta property=\"og:description\" content=\"&quot;Tukaj sem, Jezus&quot; govori o p. Ivanu \u017du\u017eku, jezuitu, ki je svoje \u017eivljenje posvetil na eni strani zakoniku vzhodnih Cerkva in na drugi najmlaj\u0161im skavtom.\" \/>\n<meta property=\"og:url\" content=\"https:\/\/www.iskreni.net\/trgovina\/product\/tukaj-sem-jezus\/\" \/>\n<meta property=\"og:site_name\" content=\"Zavod Iskreni\" \/>\n<meta property=\"article:modified_time\" content=\"2026-03-31T23:08:03+00:00\" \/>\n<meta property=\"og:image\" content=\"https:\/\/www.iskreni.net\/trgovina\/wp-content\/uploads\/2024\/04\/otroske-smarnice-3d-scaled.jpg\" \/>\n\t<meta property=\"og:image:width\" content=\"2560\" \/>\n\t<meta property=\"og:image:height\" content=\"2560\" \/>\n\t<meta property=\"og:image:type\" content=\"image\/jpeg\" \/>\n<meta name=\"twitter:card\" content=\"summary_large_image\" \/>\n<meta name=\"twitter:label1\" content=\"Est. reading time\" \/>\n\t<meta name=\"twitter:data1\" content=\"4 minute\" \/>\n<script type=\"application\/ld+json\" class=\"yoast-schema-graph\">{\"@context\":\"https:\/\/schema.org\",\"@graph\":[{\"@type\":\"WebPage\",\"@id\":\"https:\/\/www.iskreni.net\/trgovina\/product\/tukaj-sem-jezus\/\",\"url\":\"https:\/\/www.iskreni.net\/trgovina\/product\/tukaj-sem-jezus\/\",\"name\":\"Lucija \u010cak\u0161 - Tukaj sem, Jezus - \u017divljenje p. Ivana \u017du\u017eka - Iskreni\",\"isPartOf\":{\"@id\":\"https:\/\/www.iskreni.net\/trgovina\/#website\"},\"primaryImageOfPage\":{\"@id\":\"https:\/\/www.iskreni.net\/trgovina\/product\/tukaj-sem-jezus\/#primaryimage\"},\"image\":{\"@id\":\"https:\/\/www.iskreni.net\/trgovina\/product\/tukaj-sem-jezus\/#primaryimage\"},\"thumbnailUrl\":\"https:\/\/www.iskreni.net\/trgovina\/wp-content\/uploads\/2024\/04\/otroske-smarnice-3d-scaled.jpg\",\"datePublished\":\"2024-04-03T13:13:38+00:00\",\"dateModified\":\"2026-03-31T23:08:03+00:00\",\"description\":\"\\\"Tukaj sem, Jezus\\\" govori o p. Ivanu \u017du\u017eku, jezuitu, ki je svoje \u017eivljenje posvetil na eni strani zakoniku vzhodnih Cerkva in na drugi najmlaj\u0161im skavtom.\",\"breadcrumb\":{\"@id\":\"https:\/\/www.iskreni.net\/trgovina\/product\/tukaj-sem-jezus\/#breadcrumb\"},\"inLanguage\":\"sl-SI\",\"potentialAction\":[{\"@type\":\"ReadAction\",\"target\":[\"https:\/\/www.iskreni.net\/trgovina\/product\/tukaj-sem-jezus\/\"]}]},{\"@type\":\"ImageObject\",\"inLanguage\":\"sl-SI\",\"@id\":\"https:\/\/www.iskreni.net\/trgovina\/product\/tukaj-sem-jezus\/#primaryimage\",\"url\":\"https:\/\/www.iskreni.net\/trgovina\/wp-content\/uploads\/2024\/04\/otroske-smarnice-3d-scaled.jpg\",\"contentUrl\":\"https:\/\/www.iskreni.net\/trgovina\/wp-content\/uploads\/2024\/04\/otroske-smarnice-3d-scaled.jpg\",\"width\":2560,\"height\":2560,\"caption\":\"Blank white standing softcover book or magazine mockup template. Isolated on gray and white background with shadow. Ready to use for your business. Vector illustration.\"},{\"@type\":\"BreadcrumbList\",\"@id\":\"https:\/\/www.iskreni.net\/trgovina\/product\/tukaj-sem-jezus\/#breadcrumb\",\"itemListElement\":[{\"@type\":\"ListItem\",\"position\":1,\"name\":\"Home\",\"item\":\"https:\/\/www.iskreni.net\/trgovina\/\"},{\"@type\":\"ListItem\",\"position\":2,\"name\":\"Trgovina\",\"item\":\"https:\/\/www.iskreni.net\/trgovina\/trgovina\/\"},{\"@type\":\"ListItem\",\"position\":3,\"name\":\"Tukaj sem, Jezus\"}]},{\"@type\":\"WebSite\",\"@id\":\"https:\/\/www.iskreni.net\/trgovina\/#website\",\"url\":\"https:\/\/www.iskreni.net\/trgovina\/\",\"name\":\"Zavod Iskreni\",\"description\":\"trgovina\",\"potentialAction\":[{\"@type\":\"SearchAction\",\"target\":{\"@type\":\"EntryPoint\",\"urlTemplate\":\"https:\/\/www.iskreni.net\/trgovina\/?s={search_term_string}\"},\"query-input\":{\"@type\":\"PropertyValueSpecification\",\"valueRequired\":true,\"valueName\":\"search_term_string\"}}],\"inLanguage\":\"sl-SI\"}]}<\/script>\n<!-- \/ Yoast SEO plugin. -->","yoast_head_json":{"title":"Lucija \u010cak\u0161 - Tukaj sem, Jezus - \u017divljenje p. Ivana \u017du\u017eka - Iskreni","description":"\"Tukaj sem, Jezus\" govori o p. Ivanu \u017du\u017eku, jezuitu, ki je svoje \u017eivljenje posvetil na eni strani zakoniku vzhodnih Cerkva in na drugi najmlaj\u0161im skavtom.","robots":{"index":"index","follow":"follow","max-snippet":"max-snippet:-1","max-image-preview":"max-image-preview:large","max-video-preview":"max-video-preview:-1"},"canonical":"https:\/\/www.iskreni.net\/trgovina\/product\/tukaj-sem-jezus\/","og_locale":"sl_SI","og_type":"article","og_title":"Lucija \u010cak\u0161 - Tukaj sem, Jezus - \u017divljenje p. Ivana \u017du\u017eka - Iskreni","og_description":"\"Tukaj sem, Jezus\" govori o p. Ivanu \u017du\u017eku, jezuitu, ki je svoje \u017eivljenje posvetil na eni strani zakoniku vzhodnih Cerkva in na drugi najmlaj\u0161im skavtom.","og_url":"https:\/\/www.iskreni.net\/trgovina\/product\/tukaj-sem-jezus\/","og_site_name":"Zavod Iskreni","article_modified_time":"2026-03-31T23:08:03+00:00","og_image":[{"width":2560,"height":2560,"url":"https:\/\/www.iskreni.net\/trgovina\/wp-content\/uploads\/2024\/04\/otroske-smarnice-3d-scaled.jpg","type":"image\/jpeg"}],"twitter_card":"summary_large_image","twitter_misc":{"Est. reading time":"4 minute"},"schema":{"@context":"https:\/\/schema.org","@graph":[{"@type":"WebPage","@id":"https:\/\/www.iskreni.net\/trgovina\/product\/tukaj-sem-jezus\/","url":"https:\/\/www.iskreni.net\/trgovina\/product\/tukaj-sem-jezus\/","name":"Lucija \u010cak\u0161 - Tukaj sem, Jezus - \u017divljenje p. Ivana \u017du\u017eka - Iskreni","isPartOf":{"@id":"https:\/\/www.iskreni.net\/trgovina\/#website"},"primaryImageOfPage":{"@id":"https:\/\/www.iskreni.net\/trgovina\/product\/tukaj-sem-jezus\/#primaryimage"},"image":{"@id":"https:\/\/www.iskreni.net\/trgovina\/product\/tukaj-sem-jezus\/#primaryimage"},"thumbnailUrl":"https:\/\/www.iskreni.net\/trgovina\/wp-content\/uploads\/2024\/04\/otroske-smarnice-3d-scaled.jpg","datePublished":"2024-04-03T13:13:38+00:00","dateModified":"2026-03-31T23:08:03+00:00","description":"\"Tukaj sem, Jezus\" govori o p. Ivanu \u017du\u017eku, jezuitu, ki je svoje \u017eivljenje posvetil na eni strani zakoniku vzhodnih Cerkva in na drugi najmlaj\u0161im skavtom.","breadcrumb":{"@id":"https:\/\/www.iskreni.net\/trgovina\/product\/tukaj-sem-jezus\/#breadcrumb"},"inLanguage":"sl-SI","potentialAction":[{"@type":"ReadAction","target":["https:\/\/www.iskreni.net\/trgovina\/product\/tukaj-sem-jezus\/"]}]},{"@type":"ImageObject","inLanguage":"sl-SI","@id":"https:\/\/www.iskreni.net\/trgovina\/product\/tukaj-sem-jezus\/#primaryimage","url":"https:\/\/www.iskreni.net\/trgovina\/wp-content\/uploads\/2024\/04\/otroske-smarnice-3d-scaled.jpg","contentUrl":"https:\/\/www.iskreni.net\/trgovina\/wp-content\/uploads\/2024\/04\/otroske-smarnice-3d-scaled.jpg","width":2560,"height":2560,"caption":"Blank white standing softcover book or magazine mockup template. Isolated on gray and white background with shadow. Ready to use for your business. Vector illustration."},{"@type":"BreadcrumbList","@id":"https:\/\/www.iskreni.net\/trgovina\/product\/tukaj-sem-jezus\/#breadcrumb","itemListElement":[{"@type":"ListItem","position":1,"name":"Home","item":"https:\/\/www.iskreni.net\/trgovina\/"},{"@type":"ListItem","position":2,"name":"Trgovina","item":"https:\/\/www.iskreni.net\/trgovina\/trgovina\/"},{"@type":"ListItem","position":3,"name":"Tukaj sem, Jezus"}]},{"@type":"WebSite","@id":"https:\/\/www.iskreni.net\/trgovina\/#website","url":"https:\/\/www.iskreni.net\/trgovina\/","name":"Zavod Iskreni","description":"trgovina","potentialAction":[{"@type":"SearchAction","target":{"@type":"EntryPoint","urlTemplate":"https:\/\/www.iskreni.net\/trgovina\/?s={search_term_string}"},"query-input":{"@type":"PropertyValueSpecification","valueRequired":true,"valueName":"search_term_string"}}],"inLanguage":"sl-SI"}]}},"_links":{"self":[{"href":"https:\/\/www.iskreni.net\/trgovina\/wp-json\/wp\/v2\/product\/74217","targetHints":{"allow":["GET"]}}],"collection":[{"href":"https:\/\/www.iskreni.net\/trgovina\/wp-json\/wp\/v2\/product"}],"about":[{"href":"https:\/\/www.iskreni.net\/trgovina\/wp-json\/wp\/v2\/types\/product"}],"replies":[{"embeddable":true,"href":"https:\/\/www.iskreni.net\/trgovina\/wp-json\/wp\/v2\/comments?post=74217"}],"version-history":[{"count":16,"href":"https:\/\/www.iskreni.net\/trgovina\/wp-json\/wp\/v2\/product\/74217\/revisions"}],"predecessor-version":[{"id":75644,"href":"https:\/\/www.iskreni.net\/trgovina\/wp-json\/wp\/v2\/product\/74217\/revisions\/75644"}],"wp:featuredmedia":[{"embeddable":true,"href":"https:\/\/www.iskreni.net\/trgovina\/wp-json\/wp\/v2\/media\/74336"}],"wp:attachment":[{"href":"https:\/\/www.iskreni.net\/trgovina\/wp-json\/wp\/v2\/media?parent=74217"}],"wp:term":[{"taxonomy":"product_brand","embeddable":true,"href":"https:\/\/www.iskreni.net\/trgovina\/wp-json\/wp\/v2\/product_brand?post=74217"},{"taxonomy":"product_cat","embeddable":true,"href":"https:\/\/www.iskreni.net\/trgovina\/wp-json\/wp\/v2\/product_cat?post=74217"},{"taxonomy":"product_tag","embeddable":true,"href":"https:\/\/www.iskreni.net\/trgovina\/wp-json\/wp\/v2\/product_tag?post=74217"},{"taxonomy":"avtor","embeddable":true,"href":"https:\/\/www.iskreni.net\/trgovina\/wp-json\/wp\/v2\/avtor?post=74217"},{"taxonomy":"zalozba","embeddable":true,"href":"https:\/\/www.iskreni.net\/trgovina\/wp-json\/wp\/v2\/zalozba?post=74217"},{"taxonomy":"vezava","embeddable":true,"href":"https:\/\/www.iskreni.net\/trgovina\/wp-json\/wp\/v2\/vezava?post=74217"}],"curies":[{"name":"wp","href":"https:\/\/api.w.org\/{rel}","templated":true}]}}