{"id":73003,"date":"2024-01-31T14:37:45","date_gmt":"2024-01-31T13:37:45","guid":{"rendered":"https:\/\/www.iskreni.net\/trgovina\/?post_type=product&#038;p=73003"},"modified":"2024-01-31T14:55:30","modified_gmt":"2024-01-31T13:55:30","slug":"1945-dnevnik-mojega-krizevega-pota","status":"publish","type":"product","link":"https:\/\/www.iskreni.net\/trgovina\/product\/1945-dnevnik-mojega-krizevega-pota\/","title":{"rendered":"1945: Dnevnik mojega kri\u017eevega pota"},"content":{"rendered":"<h4>O knjigi 1945: Dnevnik mojega kri\u017eevega pota:<\/h4>\n<p>Pri\u010dujo\u010da monografija je za slovenski prostor izjemno dragocena. Njen osrednji del je namre\u010d kriti\u010dna objava vira, dnevnika Julija Savellija, zanimivega mlaj\u0161ega predstavnika tradicionalnega tabora na Slovenskem med drugo svetovno vojno. \/\u2026\/ Besedilo vira je pripravljeno v za uporabnika izjemno prijazni obliki. Obse\u017ene opombe bistveno laj\u0161ajo branje in razumevanje Savellijevih vpisov. Dragoceni sta tudi obse\u017eni uvodni \u0161tudiji. V prvi je dr. Tamara Griesser Pe\u010dar postavila delovanje avtorja dnevnika v \u0161ir\u0161i kontekst druge svetovne vojne na Slovenskem. \/\u2026\/ \u0160tudija Petre Grabrovec se po drugi strani ukvarja zlasti s Savellijevim glasbenim udejstvovanjem, \u010deprav vklju\u010duje njegovo celotno biografijo. \/\u2026\/ Objava vira skupaj s spremnima \u0161tudijama v monografiji omogo\u010da natan\u010den vpogled v delovanje in miselni svet dela tradicionalnega tabora na Slovenskem med drugo svetovno vojno, ki sta doslej vsaj \u0161ir\u0161i javnosti malo znana. Zato bodo po monografiji s pridom posegali zgodovinarji, voja\u0161ki in kulturni zgodovinarji, pa tudi muzikologi.<\/p>\n<h4>O avtorju:<\/h4>\n<p>1945: Dnevnik mojega kri\u017eevega pota je komentirana izdaja spominov dr. Julija Savellija s spremno \u0161tudijo dr. Tamare Griesser Pe\u010dar in biografske skice Petre Grabrovec. Knjiga prina\u0161a spomine slovenskega izobra\u017eenca, ki se je zavedel izjemne vloge zbiranja podatkov na terenu med civilnim prebivalstvom in uslu\u017ebenci kriti\u010dne infrastrukture v \u010dasu druge svetovne vojne, ra\u010dunajo\u010d, da bo to odlo\u010dilnega pomena za uspe\u0161en izid njegovega tabora, za za\u0161\u010dito svoje dru\u017eine in vzpostavitev pogojev za razmislek o druga\u010dni prihodnosti, po koncu druge svetovne vojne, po zmagi nad silami osi. \/\u2026\/ Spomini so tak\u0161ne narave, da so zanimivi za \u0161ir\u0161e ob\u010dinstvo, saj predstavljajo cel niz podatkov o dogajanju v letu 1945, s \u010dimer se trajno ohranja spomin in omogo\u010da razumevanje turbulentnega \u010dasa v na\u0161i zgodovini.<\/p>\n<p>Iz recenzije dr. \u017deljka Oseta<\/p>\n<h4><strong>Odlomek iz knjige:<\/strong><\/h4>\n<p>\u00bb12. januar 1945<\/p>\n<p>V no\u010di od 11. na 12. januar 1945 (ob 030 [uri]) nas je zbudilo zvonjenje. Gestapo. Vpra\u0161uje po meni. Na vratih v stanovanje se pojavi Muiller (moj kolega z univerze in iz \u0161ole za rez. oficirje) in Dom\u017ealec Dolinar. Z nalogom, da me aretirata in naredita v stanovanju preiskavo. Muiller je \u017ee utrujen, zato Dolinarja pregovori, naj preiskavo odlo\u017eita na naslednji dan. V strani\u0161\u010de zme\u010dem nekaj kompromitirajo\u010dih papirjev in se za\u010dnem obla\u010diti. Vpra\u0161am Muillerja ali naj vzamem s seboj brivski pribor, pa pravi, da ni treba, da bom kmalu doma, ker me bodo samo zasli\u0161ali. Kratko slovo [od dru\u017eine] in \u017ee smo na cesti. Sneg je za dober meter zasul ulice, po katerih gremo proti sodnim zaporom. Ob 130 [uri] \u2013 12. januarja \u2013 me potisnejo v celico 156 v drugem nadstropju. Ni lu\u010di. Dotipam se do postelje, a spati ni mogo\u010de. Okni [sta] razbiti, [je] neprestan [in] mo\u010dan prepih.\u00ab<\/p>\n","protected":false},"excerpt":{"rendered":"<p><strong>Leto izdaje:<\/strong> 2023<br \/>\n<strong>\u0160tevilo strani:<\/strong> 216<br \/>\n<strong>Mere:<\/strong> 185 x 250 mm<\/p>\n","protected":false},"featured_media":73005,"comment_status":"open","ping_status":"closed","template":"","meta":[],"product_brand":[],"product_cat":[2326,63],"product_tag":[2070],"avtor":[2732,2733],"zalozba":[2311],"vezava":[2306],"class_list":{"0":"post-73003","1":"product","2":"type-product","3":"status-publish","4":"has-post-thumbnail","6":"product_cat-druzbena-vprasanja-in-humanistika","7":"product_cat-knjige","8":"product_tag-zgodovina","9":"avtor-petra-grabrovec","10":"avtor-tamara-griesser-pecar","11":"zalozba-druzina","12":"vezava-trda","14":"first","15":"onbackorder","16":"taxable","17":"shipping-taxable","18":"purchasable","19":"product-type-simple"},"yoast_head":"<!-- This site is optimized with the Yoast SEO plugin v26.3 - https:\/\/yoast.com\/wordpress\/plugins\/seo\/ -->\n<title>1945: Dnevnik mojega kri\u017eevega pota - trgovina Iskreni<\/title>\n<meta name=\"description\" content=\"1945: Dnevnik mojega kri\u017eevega pota je monografija, ki vsebuje dnevnik Julija Savellija, predstavnika tradicionalnega tabora na Slovenskem med 2. sv. vojno.\" \/>\n<meta name=\"robots\" content=\"index, follow, max-snippet:-1, max-image-preview:large, max-video-preview:-1\" \/>\n<link rel=\"canonical\" href=\"https:\/\/www.iskreni.net\/trgovina\/product\/1945-dnevnik-mojega-krizevega-pota\/\" \/>\n<meta property=\"og:locale\" content=\"sl_SI\" \/>\n<meta property=\"og:type\" content=\"article\" \/>\n<meta property=\"og:title\" content=\"1945: Dnevnik mojega kri\u017eevega pota\" \/>\n<meta property=\"og:description\" content=\"1945: Dnevnik mojega kri\u017eevega pota je monografija, ki vsebuje dnevnik Julija Savellija, predstavnika tradicionalnega tabora na Slovenskem med 2. sv. vojno.\" \/>\n<meta property=\"og:url\" content=\"https:\/\/www.iskreni.net\/trgovina\/product\/1945-dnevnik-mojega-krizevega-pota\/\" \/>\n<meta property=\"og:site_name\" content=\"Zavod Iskreni\" \/>\n<meta property=\"article:modified_time\" content=\"2024-01-31T13:55:30+00:00\" \/>\n<meta property=\"og:image\" content=\"https:\/\/www.iskreni.net\/trgovina\/wp-content\/uploads\/2024\/01\/Slike-za-v-spletno-trgovino-55.jpg\" \/>\n\t<meta property=\"og:image:width\" content=\"600\" \/>\n\t<meta property=\"og:image:height\" content=\"600\" \/>\n\t<meta property=\"og:image:type\" content=\"image\/jpeg\" \/>\n<meta name=\"twitter:card\" content=\"summary_large_image\" \/>\n<meta name=\"twitter:label1\" content=\"Est. reading time\" \/>\n\t<meta name=\"twitter:data1\" content=\"3 minute\" \/>\n<script type=\"application\/ld+json\" class=\"yoast-schema-graph\">{\"@context\":\"https:\/\/schema.org\",\"@graph\":[{\"@type\":\"WebPage\",\"@id\":\"https:\/\/www.iskreni.net\/trgovina\/product\/1945-dnevnik-mojega-krizevega-pota\/\",\"url\":\"https:\/\/www.iskreni.net\/trgovina\/product\/1945-dnevnik-mojega-krizevega-pota\/\",\"name\":\"1945: Dnevnik mojega kri\u017eevega pota - trgovina Iskreni\",\"isPartOf\":{\"@id\":\"https:\/\/www.iskreni.net\/trgovina\/#website\"},\"primaryImageOfPage\":{\"@id\":\"https:\/\/www.iskreni.net\/trgovina\/product\/1945-dnevnik-mojega-krizevega-pota\/#primaryimage\"},\"image\":{\"@id\":\"https:\/\/www.iskreni.net\/trgovina\/product\/1945-dnevnik-mojega-krizevega-pota\/#primaryimage\"},\"thumbnailUrl\":\"https:\/\/www.iskreni.net\/trgovina\/wp-content\/uploads\/2024\/01\/Slike-za-v-spletno-trgovino-55.jpg\",\"datePublished\":\"2024-01-31T13:37:45+00:00\",\"dateModified\":\"2024-01-31T13:55:30+00:00\",\"description\":\"1945: Dnevnik mojega kri\u017eevega pota je monografija, ki vsebuje dnevnik Julija Savellija, predstavnika tradicionalnega tabora na Slovenskem med 2. sv. vojno.\",\"breadcrumb\":{\"@id\":\"https:\/\/www.iskreni.net\/trgovina\/product\/1945-dnevnik-mojega-krizevega-pota\/#breadcrumb\"},\"inLanguage\":\"sl-SI\",\"potentialAction\":[{\"@type\":\"ReadAction\",\"target\":[\"https:\/\/www.iskreni.net\/trgovina\/product\/1945-dnevnik-mojega-krizevega-pota\/\"]}]},{\"@type\":\"ImageObject\",\"inLanguage\":\"sl-SI\",\"@id\":\"https:\/\/www.iskreni.net\/trgovina\/product\/1945-dnevnik-mojega-krizevega-pota\/#primaryimage\",\"url\":\"https:\/\/www.iskreni.net\/trgovina\/wp-content\/uploads\/2024\/01\/Slike-za-v-spletno-trgovino-55.jpg\",\"contentUrl\":\"https:\/\/www.iskreni.net\/trgovina\/wp-content\/uploads\/2024\/01\/Slike-za-v-spletno-trgovino-55.jpg\",\"width\":600,\"height\":600},{\"@type\":\"BreadcrumbList\",\"@id\":\"https:\/\/www.iskreni.net\/trgovina\/product\/1945-dnevnik-mojega-krizevega-pota\/#breadcrumb\",\"itemListElement\":[{\"@type\":\"ListItem\",\"position\":1,\"name\":\"Home\",\"item\":\"https:\/\/www.iskreni.net\/trgovina\/\"},{\"@type\":\"ListItem\",\"position\":2,\"name\":\"Trgovina\",\"item\":\"https:\/\/www.iskreni.net\/trgovina\/trgovina\/\"},{\"@type\":\"ListItem\",\"position\":3,\"name\":\"1945: Dnevnik mojega kri\u017eevega pota\"}]},{\"@type\":\"WebSite\",\"@id\":\"https:\/\/www.iskreni.net\/trgovina\/#website\",\"url\":\"https:\/\/www.iskreni.net\/trgovina\/\",\"name\":\"Zavod Iskreni\",\"description\":\"trgovina\",\"potentialAction\":[{\"@type\":\"SearchAction\",\"target\":{\"@type\":\"EntryPoint\",\"urlTemplate\":\"https:\/\/www.iskreni.net\/trgovina\/?s={search_term_string}\"},\"query-input\":{\"@type\":\"PropertyValueSpecification\",\"valueRequired\":true,\"valueName\":\"search_term_string\"}}],\"inLanguage\":\"sl-SI\"}]}<\/script>\n<!-- \/ Yoast SEO plugin. -->","yoast_head_json":{"title":"1945: Dnevnik mojega kri\u017eevega pota - trgovina Iskreni","description":"1945: Dnevnik mojega kri\u017eevega pota je monografija, ki vsebuje dnevnik Julija Savellija, predstavnika tradicionalnega tabora na Slovenskem med 2. sv. vojno.","robots":{"index":"index","follow":"follow","max-snippet":"max-snippet:-1","max-image-preview":"max-image-preview:large","max-video-preview":"max-video-preview:-1"},"canonical":"https:\/\/www.iskreni.net\/trgovina\/product\/1945-dnevnik-mojega-krizevega-pota\/","og_locale":"sl_SI","og_type":"article","og_title":"1945: Dnevnik mojega kri\u017eevega pota","og_description":"1945: Dnevnik mojega kri\u017eevega pota je monografija, ki vsebuje dnevnik Julija Savellija, predstavnika tradicionalnega tabora na Slovenskem med 2. sv. vojno.","og_url":"https:\/\/www.iskreni.net\/trgovina\/product\/1945-dnevnik-mojega-krizevega-pota\/","og_site_name":"Zavod Iskreni","article_modified_time":"2024-01-31T13:55:30+00:00","og_image":[{"width":600,"height":600,"url":"https:\/\/www.iskreni.net\/trgovina\/wp-content\/uploads\/2024\/01\/Slike-za-v-spletno-trgovino-55.jpg","type":"image\/jpeg"}],"twitter_card":"summary_large_image","twitter_misc":{"Est. reading time":"3 minute"},"schema":{"@context":"https:\/\/schema.org","@graph":[{"@type":"WebPage","@id":"https:\/\/www.iskreni.net\/trgovina\/product\/1945-dnevnik-mojega-krizevega-pota\/","url":"https:\/\/www.iskreni.net\/trgovina\/product\/1945-dnevnik-mojega-krizevega-pota\/","name":"1945: Dnevnik mojega kri\u017eevega pota - trgovina Iskreni","isPartOf":{"@id":"https:\/\/www.iskreni.net\/trgovina\/#website"},"primaryImageOfPage":{"@id":"https:\/\/www.iskreni.net\/trgovina\/product\/1945-dnevnik-mojega-krizevega-pota\/#primaryimage"},"image":{"@id":"https:\/\/www.iskreni.net\/trgovina\/product\/1945-dnevnik-mojega-krizevega-pota\/#primaryimage"},"thumbnailUrl":"https:\/\/www.iskreni.net\/trgovina\/wp-content\/uploads\/2024\/01\/Slike-za-v-spletno-trgovino-55.jpg","datePublished":"2024-01-31T13:37:45+00:00","dateModified":"2024-01-31T13:55:30+00:00","description":"1945: Dnevnik mojega kri\u017eevega pota je monografija, ki vsebuje dnevnik Julija Savellija, predstavnika tradicionalnega tabora na Slovenskem med 2. sv. vojno.","breadcrumb":{"@id":"https:\/\/www.iskreni.net\/trgovina\/product\/1945-dnevnik-mojega-krizevega-pota\/#breadcrumb"},"inLanguage":"sl-SI","potentialAction":[{"@type":"ReadAction","target":["https:\/\/www.iskreni.net\/trgovina\/product\/1945-dnevnik-mojega-krizevega-pota\/"]}]},{"@type":"ImageObject","inLanguage":"sl-SI","@id":"https:\/\/www.iskreni.net\/trgovina\/product\/1945-dnevnik-mojega-krizevega-pota\/#primaryimage","url":"https:\/\/www.iskreni.net\/trgovina\/wp-content\/uploads\/2024\/01\/Slike-za-v-spletno-trgovino-55.jpg","contentUrl":"https:\/\/www.iskreni.net\/trgovina\/wp-content\/uploads\/2024\/01\/Slike-za-v-spletno-trgovino-55.jpg","width":600,"height":600},{"@type":"BreadcrumbList","@id":"https:\/\/www.iskreni.net\/trgovina\/product\/1945-dnevnik-mojega-krizevega-pota\/#breadcrumb","itemListElement":[{"@type":"ListItem","position":1,"name":"Home","item":"https:\/\/www.iskreni.net\/trgovina\/"},{"@type":"ListItem","position":2,"name":"Trgovina","item":"https:\/\/www.iskreni.net\/trgovina\/trgovina\/"},{"@type":"ListItem","position":3,"name":"1945: Dnevnik mojega kri\u017eevega pota"}]},{"@type":"WebSite","@id":"https:\/\/www.iskreni.net\/trgovina\/#website","url":"https:\/\/www.iskreni.net\/trgovina\/","name":"Zavod Iskreni","description":"trgovina","potentialAction":[{"@type":"SearchAction","target":{"@type":"EntryPoint","urlTemplate":"https:\/\/www.iskreni.net\/trgovina\/?s={search_term_string}"},"query-input":{"@type":"PropertyValueSpecification","valueRequired":true,"valueName":"search_term_string"}}],"inLanguage":"sl-SI"}]}},"_links":{"self":[{"href":"https:\/\/www.iskreni.net\/trgovina\/wp-json\/wp\/v2\/product\/73003","targetHints":{"allow":["GET"]}}],"collection":[{"href":"https:\/\/www.iskreni.net\/trgovina\/wp-json\/wp\/v2\/product"}],"about":[{"href":"https:\/\/www.iskreni.net\/trgovina\/wp-json\/wp\/v2\/types\/product"}],"replies":[{"embeddable":true,"href":"https:\/\/www.iskreni.net\/trgovina\/wp-json\/wp\/v2\/comments?post=73003"}],"version-history":[{"count":2,"href":"https:\/\/www.iskreni.net\/trgovina\/wp-json\/wp\/v2\/product\/73003\/revisions"}],"predecessor-version":[{"id":73006,"href":"https:\/\/www.iskreni.net\/trgovina\/wp-json\/wp\/v2\/product\/73003\/revisions\/73006"}],"wp:featuredmedia":[{"embeddable":true,"href":"https:\/\/www.iskreni.net\/trgovina\/wp-json\/wp\/v2\/media\/73005"}],"wp:attachment":[{"href":"https:\/\/www.iskreni.net\/trgovina\/wp-json\/wp\/v2\/media?parent=73003"}],"wp:term":[{"taxonomy":"product_brand","embeddable":true,"href":"https:\/\/www.iskreni.net\/trgovina\/wp-json\/wp\/v2\/product_brand?post=73003"},{"taxonomy":"product_cat","embeddable":true,"href":"https:\/\/www.iskreni.net\/trgovina\/wp-json\/wp\/v2\/product_cat?post=73003"},{"taxonomy":"product_tag","embeddable":true,"href":"https:\/\/www.iskreni.net\/trgovina\/wp-json\/wp\/v2\/product_tag?post=73003"},{"taxonomy":"avtor","embeddable":true,"href":"https:\/\/www.iskreni.net\/trgovina\/wp-json\/wp\/v2\/avtor?post=73003"},{"taxonomy":"zalozba","embeddable":true,"href":"https:\/\/www.iskreni.net\/trgovina\/wp-json\/wp\/v2\/zalozba?post=73003"},{"taxonomy":"vezava","embeddable":true,"href":"https:\/\/www.iskreni.net\/trgovina\/wp-json\/wp\/v2\/vezava?post=73003"}],"curies":[{"name":"wp","href":"https:\/\/api.w.org\/{rel}","templated":true}]}}