{"id":66873,"date":"2023-05-30T12:21:11","date_gmt":"2023-05-30T10:21:11","guid":{"rendered":"https:\/\/www.iskreni.net\/trgovina\/?post_type=product&#038;p=66873"},"modified":"2025-10-22T13:42:37","modified_gmt":"2025-10-22T11:42:37","slug":"potem-pa-svizci-zavijejo-mehka-vezava","status":"publish","type":"product","link":"https:\/\/www.iskreni.net\/trgovina\/product\/potem-pa-svizci-zavijejo-mehka-vezava\/","title":{"rendered":"Potem pa Svizci zavijejo &#8230; (mehka vezava)"},"content":{"rendered":"<h4>O izdelku:<\/h4>\n<blockquote><p>Mladinski roman\u00a0Potem pa Svizci zavijejo &#8230; v priro\u010dnem formatu in bro\u0161irani izdaji.\u00a0Vsebuje tudi\u00a0prvi dve poglavji naslednje zgodbe o priljubljenih skavtskih junakih!<\/p><\/blockquote>\n<p>Lucija \u010cak\u0161 v svojem prvem romanu <strong>Potem pa Svizci zavijejo \u2026<\/strong> opisuje do\u017eivetja peterice fantov (14-letnega skavtskega vodnika in \u0161tirih \u0161esto\u0161olcev), ki se s kolesi odpravijo na hajk v neznano. Vodnik An\u017ee se prvi\u010d znajde v tej vlogi, fantje pa se med seboj \u0161ele spoznavajo, u\u010dijo in privajajo drug na drugega. Njihovi medsebojni odnosi se \u0161e posebej intenzivno razvijajo med prigodami na poti, ki so opisane v pristnem skavtskem duhu, s pronicljivim razumevanjem medosebnih odnosov, humorjem in pridihom pustolov\u0161\u010dine. Dogajanje v knjigi je hkrati napeto in realisti\u010dno, tako da bralca ne izpusti iz krempljev pozornosti. Knjiga je \u00bbskavtski roman\u00ab, a to \u0161e zdale\u010d ne pomeni, da je namenjen le skavtom.<\/p>\n<p>Mladinski roman\u00a0<strong>Potem pa Svizci zavijejo &#8230;<\/strong> v <strong>priro\u010dnem formatu<\/strong> in <strong>bro\u0161irani izdaji.\u00a0<\/strong>Vsebuje tudi\u00a0<strong>prvi dve poglavji naslednje zgodbe o priljubljenih skavtskih junakih!<\/strong> Za primerjavo si oglejte fotografijo obeh izdaj v galeriji slik.<\/p>\n<p><span style=\"font-size: 14pt;\"><strong>Napeto branje, polno dogodiv\u0161\u010din<\/strong><\/span><\/p>\n<p>Nadvse spretno opisano dogajanje, izjemna \u017eivost dialogov, vse skupaj pa za\u010dinjeno s humorjem. Zgodba s karakterji, ki so izdelani, kot bi stali pred bralcem; jezik pa je \u017eiv, teko\u010d in raznolik.<\/p>\n<p>&nbsp;<\/p>\n<h4>Odlomek iz knjige:<\/h4>\n<p><em>\u00bbKoliko ste pa stari?\u00ab<\/em><\/p>\n<p><em>\u00bb\u0160tirinajst, v devetem razredu sem.\u00ab<\/em><\/p>\n<p><em>\u00bbPa je to normalno?\u00ab<\/em><\/p>\n<p><em>\u00bbDa sem pri \u0161tirinajstih v devetem? Mislim, da je to precej normalno \u2026\u00ab<\/em><\/p>\n<p><em>\u00bbNe, \u010de je normalno, da sre\u010danja vodi \u0161tirinajstletnik.\u00ab<\/em><\/p>\n<p><em>\u00bbHja, bolj obi\u010dajno je, da jih vodi kak fazan, to je res, ampak letos v na\u0161em vodu ni nobenega.\u00ab<\/em><\/p>\n<p>&nbsp;<\/p>\n<h4>Mnenja o knjigi:<\/h4>\n<p>&#8220;Na\u0161i otroci so me zve\u010der prosili, naj naro\u010dim drugi del. Ko sem rekla, da ga ni, da je samo ta, so se uprli in mi pokazali kolofon. Zbirka: Svizci 1. Torej, mami, kupi nadaljevanje. :-D\u200b&#8221;<br \/>\n<em>Marjeta<\/em><\/p>\n<p>&#8220;Moji doma\u010di ugotavljajo, da mora biti knjiga res dobra, ker se \u0161e nikoli nisem toliko presmejala ob branju. Starej\u0161i sin mi bere \u010dez ramo.&#8221;<br \/>\n<em>Ana<\/em><\/p>\n<p>&#8220;Trikrat lahko ugiba\u0161, kaj bere na\u0161 prvorojenec pred dana\u0161njim odhodom v \u0161olo :). Kapo dol, Lucija, z izjemnim u\u017eitkom se bere knjiga. Med drugim mi je sedaj veselje, da ne najdem prav nobenih tipkarskih ali slovni\u010dnih napak, ki jih po navadi v sodobnem leposlovju kar mrgoli.&#8221;<br \/>\n<em>Cecilija<\/em><\/p>\n<p>&#8220;Jaz sem ga \u010dez vikend za\u010dela brati na\u0161emu skoraj 7-letniku. Je navdu\u0161en, meni se pa kolca po skavtih. In ko ga za mizo berem na glas, se z mo\u017eem ves \u010das spogledujeva in smejiva, ker sva enake scene do\u017eivljala kot voditelja in izvidnika\/popotnika. Potem morava pa otrokoma razlagati, zakaj nama je nekaj tako sme\u0161no :-D.&#8221;<br \/>\n<em>Nina<\/em><\/p>\n<p>&#8220;\u010cestitke, iskrene \u010destitke. Zelo dobro napisana knjiga, ob kateri se lahko najde po moje prav vsak, z ravno prav\u0161njo mero humorja, izzivov in iz nje veje katoli\u0161ki duh. Komaj \u017ee \u010dakam, da moji otroci \u0161e malo zrastejo in jim bom lahko za\u010dela brati roman oz. ga bodo sami vzeli v roke. Najstarej\u0161emu (5 let) sem v\u010deraj prebrala en del in mu je bilo prijetno.&#8221;<br \/>\n<em>Maja<\/em><\/p>\n<p>&#8220;Tako super slovenskega mladinskega romana nisem \u0161e prebrala. Resno mislim. V\u0161e\u010d mi je, ker so karakterji ve\u010dplastni, z lahkoto jih postavi\u0161 v nek kontekst.&#8221;<br \/>\n<em>Ema<\/em><\/p>\n<p>&#8220;&#8230; noro navdu\u0161ena! Ob branju sem kar podo\u017eivela nekatere skavtske pustolov\u0161\u010dine. Poleg tega pa odli\u010den jezik in zgodba, ki te kar potegne vase. Ko enkrat za\u010dne\u0161, ne more\u0161 nehat.&#8221;<br \/>\n<em>Tja\u0161a Su\u0161in, na\u010delnica Zdru\u017eenja slovenskih katoli\u0161kih skavtinj in skavtov<\/em><\/p>\n<p>&#8220;Zgodba je vrhunska, prav skavtska! Na hitro sem jo \u017eelel prelistati ob enajstih zve\u010der, utrujen, ker sem pa\u010d moral. Mislil sem, da bom malo pogledal, potem pa sem padel not in bral do dveh zjutraj, dokler nisem prebral vsega! Upam, da kmalu postane obvezno mladinsko branje! :)&#8221;<br \/>\n<em>Nejc Kurbus, na\u010delnik Zdru\u017eenja slovenskih katoli\u0161kih skavtinj in skavtov<\/em><\/p>\n<p>&nbsp;<\/p>\n<h4>O avtorici:<\/h4>\n<p>Lucija se je skavtom pridru\u017eila, ko je bila stara sedem let.<\/p>\n<p>Skavtinja je z vsem srcem. Svojo skavtsko obljubo je dala leta 1999 in isto leto na poletnem taboru v Pape\u017eih prejela skavtsko ime Zvita gazela.<\/p>\n<p>\u010ceprav je kmalu po vstopu v klan prekinila aktivno skavtsko pot, je iz svojih bogatih skavtskih izku\u0161enj \u010drpala pri vsem, \u010desar se je kasneje v \u017eivljenju lotila: pri animatorstvu, \u0161tudiju novinarstva, pisanju in urejanju \u010dlankov, \u0161e posebej pa pri vzgoji svojih treh otrok (ki na \u017ealost \u0161e niso skavti).<\/p>\n<p>\u0160e vedno se rada spominja svojih skavtskih dogodiv\u0161\u010din in nekaj jih je, sicer nekoliko predelanih, pristalo tudi v tej knjigi.<\/p>\n","protected":false},"excerpt":{"rendered":"<p><strong>Avtorica:<\/strong> Lucija \u010cak\u0161<br \/>\n<strong>Ilustracije:<\/strong> Patrik Benedi\u010di\u010d<br \/>\n<strong>Zalo\u017eba:<\/strong> Iskreni<br \/>\n<strong>\u0160tevilo strani:<\/strong> 241<br \/>\n<strong>Leto izdaje:<\/strong> 2021<br \/>\n<strong>Format:<\/strong> 135 x 185 mm<br \/>\n<strong>Vezava:<\/strong> bro\u0161irana<\/p>\n<p><a href=\"https:\/\/www.iskreni.net\/trgovina\/wp-content\/uploads\/2022\/07\/potem-pa-svizci-3-15.pdf\"><span style=\"font-size: 14pt;\"><strong>Prelistaj knjigo<\/strong><\/span><\/a><\/p>\n<p><span style=\"color: #ff0000; font-size: 14pt;\"><strong>Vsebuje tudi dve poglavji naslednje zgodbe o Svizcih!<\/strong><\/span><\/p>\n<p><span style=\"font-size: 14pt;\"><strong>2. DEL JE \u017dE NA VOLJO. Naro\u010di in preberi tudi naslednjo prigodo Svizcev: <a href=\"https:\/\/www.iskreni.net\/trgovina\/product\/potem-pa-svizci-nasankajo-trda-vezava\/\" target=\"_blank\" rel=\"noopener\">POTEM PA SVIZCI NASANKAJO &#8230;<\/a><\/strong><\/span><\/p>\n","protected":false},"featured_media":66919,"comment_status":"open","ping_status":"closed","template":"","meta":[],"product_brand":[],"product_cat":[1667,1430,63],"product_tag":[1318,2303,1429],"avtor":[2332],"zalozba":[2305],"vezava":[2307],"class_list":{"0":"post-66873","1":"product","2":"type-product","3":"status-publish","4":"has-post-thumbnail","6":"product_cat-poletna-akcija","7":"product_cat-iz-nase-zalozbe","8":"product_cat-knjige","9":"product_tag-birma","10":"product_tag-obhajilo","11":"product_tag-zavod-iskreni","12":"avtor-lucija-caks","13":"zalozba-zavod-iskreni","14":"vezava-mehka","16":"first","17":"instock","18":"taxable","19":"shipping-taxable","20":"purchasable","21":"product-type-simple"},"yoast_head":"<!-- This site is optimized with the Yoast SEO plugin v26.3 - https:\/\/yoast.com\/wordpress\/plugins\/seo\/ -->\n<title>Potem pa Svizci zavijejo ... (mehka vezava) - Zavod Iskreni<\/title>\n<meta name=\"description\" content=\"Potem pa Svizci zavijejo ... opisuje dogodiv\u0161\u010dine skavta An\u017eeta, ki svoj vod samih novincev odpelje na kolesarski hajk za ves vikend.\" \/>\n<meta name=\"robots\" content=\"index, follow, max-snippet:-1, max-image-preview:large, max-video-preview:-1\" \/>\n<link rel=\"canonical\" href=\"https:\/\/www.iskreni.net\/trgovina\/product\/potem-pa-svizci-zavijejo-mehka-vezava\/\" \/>\n<meta property=\"og:locale\" content=\"sl_SI\" \/>\n<meta property=\"og:type\" content=\"article\" \/>\n<meta property=\"og:title\" content=\"Potem pa Svizci zavijejo ... (mehka vezava) - Zavod Iskreni\" \/>\n<meta property=\"og:description\" content=\"Potem pa Svizci zavijejo ... opisuje dogodiv\u0161\u010dine skavta An\u017eeta, ki svoj vod samih novincev odpelje na kolesarski hajk za ves vikend.\" \/>\n<meta property=\"og:url\" content=\"https:\/\/www.iskreni.net\/trgovina\/product\/potem-pa-svizci-zavijejo-mehka-vezava\/\" \/>\n<meta property=\"og:site_name\" content=\"Zavod Iskreni\" \/>\n<meta property=\"article:modified_time\" content=\"2025-10-22T11:42:37+00:00\" \/>\n<meta property=\"og:image\" content=\"https:\/\/www.iskreni.net\/trgovina\/wp-content\/uploads\/2023\/05\/Svizci_ponatis_kvadrat_3d-scaled.jpg\" \/>\n\t<meta property=\"og:image:width\" content=\"2560\" \/>\n\t<meta property=\"og:image:height\" content=\"2560\" \/>\n\t<meta property=\"og:image:type\" content=\"image\/jpeg\" \/>\n<meta name=\"twitter:card\" content=\"summary_large_image\" \/>\n<meta name=\"twitter:label1\" content=\"Est. reading time\" \/>\n\t<meta name=\"twitter:data1\" content=\"5 minut\" \/>\n<script type=\"application\/ld+json\" class=\"yoast-schema-graph\">{\"@context\":\"https:\/\/schema.org\",\"@graph\":[{\"@type\":\"WebPage\",\"@id\":\"https:\/\/www.iskreni.net\/trgovina\/product\/potem-pa-svizci-zavijejo-mehka-vezava\/\",\"url\":\"https:\/\/www.iskreni.net\/trgovina\/product\/potem-pa-svizci-zavijejo-mehka-vezava\/\",\"name\":\"Potem pa Svizci zavijejo ... (mehka vezava) - Zavod Iskreni\",\"isPartOf\":{\"@id\":\"https:\/\/www.iskreni.net\/trgovina\/#website\"},\"primaryImageOfPage\":{\"@id\":\"https:\/\/www.iskreni.net\/trgovina\/product\/potem-pa-svizci-zavijejo-mehka-vezava\/#primaryimage\"},\"image\":{\"@id\":\"https:\/\/www.iskreni.net\/trgovina\/product\/potem-pa-svizci-zavijejo-mehka-vezava\/#primaryimage\"},\"thumbnailUrl\":\"https:\/\/www.iskreni.net\/trgovina\/wp-content\/uploads\/2023\/05\/Svizci_ponatis_kvadrat_3d-scaled.jpg\",\"datePublished\":\"2023-05-30T10:21:11+00:00\",\"dateModified\":\"2025-10-22T11:42:37+00:00\",\"description\":\"Potem pa Svizci zavijejo ... opisuje dogodiv\u0161\u010dine skavta An\u017eeta, ki svoj vod samih novincev odpelje na kolesarski hajk za ves vikend.\",\"breadcrumb\":{\"@id\":\"https:\/\/www.iskreni.net\/trgovina\/product\/potem-pa-svizci-zavijejo-mehka-vezava\/#breadcrumb\"},\"inLanguage\":\"sl-SI\",\"potentialAction\":[{\"@type\":\"ReadAction\",\"target\":[\"https:\/\/www.iskreni.net\/trgovina\/product\/potem-pa-svizci-zavijejo-mehka-vezava\/\"]}]},{\"@type\":\"ImageObject\",\"inLanguage\":\"sl-SI\",\"@id\":\"https:\/\/www.iskreni.net\/trgovina\/product\/potem-pa-svizci-zavijejo-mehka-vezava\/#primaryimage\",\"url\":\"https:\/\/www.iskreni.net\/trgovina\/wp-content\/uploads\/2023\/05\/Svizci_ponatis_kvadrat_3d-scaled.jpg\",\"contentUrl\":\"https:\/\/www.iskreni.net\/trgovina\/wp-content\/uploads\/2023\/05\/Svizci_ponatis_kvadrat_3d-scaled.jpg\",\"width\":2560,\"height\":2560,\"caption\":\"Blank white standing softcover thick book or magazine 2 views mockup template.\"},{\"@type\":\"BreadcrumbList\",\"@id\":\"https:\/\/www.iskreni.net\/trgovina\/product\/potem-pa-svizci-zavijejo-mehka-vezava\/#breadcrumb\",\"itemListElement\":[{\"@type\":\"ListItem\",\"position\":1,\"name\":\"Home\",\"item\":\"https:\/\/www.iskreni.net\/trgovina\/\"},{\"@type\":\"ListItem\",\"position\":2,\"name\":\"Trgovina\",\"item\":\"https:\/\/www.iskreni.net\/trgovina\/trgovina\/\"},{\"@type\":\"ListItem\",\"position\":3,\"name\":\"Potem pa Svizci zavijejo &#8230; (mehka vezava)\"}]},{\"@type\":\"WebSite\",\"@id\":\"https:\/\/www.iskreni.net\/trgovina\/#website\",\"url\":\"https:\/\/www.iskreni.net\/trgovina\/\",\"name\":\"Zavod Iskreni\",\"description\":\"trgovina\",\"potentialAction\":[{\"@type\":\"SearchAction\",\"target\":{\"@type\":\"EntryPoint\",\"urlTemplate\":\"https:\/\/www.iskreni.net\/trgovina\/?s={search_term_string}\"},\"query-input\":{\"@type\":\"PropertyValueSpecification\",\"valueRequired\":true,\"valueName\":\"search_term_string\"}}],\"inLanguage\":\"sl-SI\"}]}<\/script>\n<!-- \/ Yoast SEO plugin. -->","yoast_head_json":{"title":"Potem pa Svizci zavijejo ... (mehka vezava) - Zavod Iskreni","description":"Potem pa Svizci zavijejo ... opisuje dogodiv\u0161\u010dine skavta An\u017eeta, ki svoj vod samih novincev odpelje na kolesarski hajk za ves vikend.","robots":{"index":"index","follow":"follow","max-snippet":"max-snippet:-1","max-image-preview":"max-image-preview:large","max-video-preview":"max-video-preview:-1"},"canonical":"https:\/\/www.iskreni.net\/trgovina\/product\/potem-pa-svizci-zavijejo-mehka-vezava\/","og_locale":"sl_SI","og_type":"article","og_title":"Potem pa Svizci zavijejo ... (mehka vezava) - Zavod Iskreni","og_description":"Potem pa Svizci zavijejo ... opisuje dogodiv\u0161\u010dine skavta An\u017eeta, ki svoj vod samih novincev odpelje na kolesarski hajk za ves vikend.","og_url":"https:\/\/www.iskreni.net\/trgovina\/product\/potem-pa-svizci-zavijejo-mehka-vezava\/","og_site_name":"Zavod Iskreni","article_modified_time":"2025-10-22T11:42:37+00:00","og_image":[{"width":2560,"height":2560,"url":"https:\/\/www.iskreni.net\/trgovina\/wp-content\/uploads\/2023\/05\/Svizci_ponatis_kvadrat_3d-scaled.jpg","type":"image\/jpeg"}],"twitter_card":"summary_large_image","twitter_misc":{"Est. reading time":"5 minut"},"schema":{"@context":"https:\/\/schema.org","@graph":[{"@type":"WebPage","@id":"https:\/\/www.iskreni.net\/trgovina\/product\/potem-pa-svizci-zavijejo-mehka-vezava\/","url":"https:\/\/www.iskreni.net\/trgovina\/product\/potem-pa-svizci-zavijejo-mehka-vezava\/","name":"Potem pa Svizci zavijejo ... (mehka vezava) - Zavod Iskreni","isPartOf":{"@id":"https:\/\/www.iskreni.net\/trgovina\/#website"},"primaryImageOfPage":{"@id":"https:\/\/www.iskreni.net\/trgovina\/product\/potem-pa-svizci-zavijejo-mehka-vezava\/#primaryimage"},"image":{"@id":"https:\/\/www.iskreni.net\/trgovina\/product\/potem-pa-svizci-zavijejo-mehka-vezava\/#primaryimage"},"thumbnailUrl":"https:\/\/www.iskreni.net\/trgovina\/wp-content\/uploads\/2023\/05\/Svizci_ponatis_kvadrat_3d-scaled.jpg","datePublished":"2023-05-30T10:21:11+00:00","dateModified":"2025-10-22T11:42:37+00:00","description":"Potem pa Svizci zavijejo ... opisuje dogodiv\u0161\u010dine skavta An\u017eeta, ki svoj vod samih novincev odpelje na kolesarski hajk za ves vikend.","breadcrumb":{"@id":"https:\/\/www.iskreni.net\/trgovina\/product\/potem-pa-svizci-zavijejo-mehka-vezava\/#breadcrumb"},"inLanguage":"sl-SI","potentialAction":[{"@type":"ReadAction","target":["https:\/\/www.iskreni.net\/trgovina\/product\/potem-pa-svizci-zavijejo-mehka-vezava\/"]}]},{"@type":"ImageObject","inLanguage":"sl-SI","@id":"https:\/\/www.iskreni.net\/trgovina\/product\/potem-pa-svizci-zavijejo-mehka-vezava\/#primaryimage","url":"https:\/\/www.iskreni.net\/trgovina\/wp-content\/uploads\/2023\/05\/Svizci_ponatis_kvadrat_3d-scaled.jpg","contentUrl":"https:\/\/www.iskreni.net\/trgovina\/wp-content\/uploads\/2023\/05\/Svizci_ponatis_kvadrat_3d-scaled.jpg","width":2560,"height":2560,"caption":"Blank white standing softcover thick book or magazine 2 views mockup template."},{"@type":"BreadcrumbList","@id":"https:\/\/www.iskreni.net\/trgovina\/product\/potem-pa-svizci-zavijejo-mehka-vezava\/#breadcrumb","itemListElement":[{"@type":"ListItem","position":1,"name":"Home","item":"https:\/\/www.iskreni.net\/trgovina\/"},{"@type":"ListItem","position":2,"name":"Trgovina","item":"https:\/\/www.iskreni.net\/trgovina\/trgovina\/"},{"@type":"ListItem","position":3,"name":"Potem pa Svizci zavijejo &#8230; (mehka vezava)"}]},{"@type":"WebSite","@id":"https:\/\/www.iskreni.net\/trgovina\/#website","url":"https:\/\/www.iskreni.net\/trgovina\/","name":"Zavod Iskreni","description":"trgovina","potentialAction":[{"@type":"SearchAction","target":{"@type":"EntryPoint","urlTemplate":"https:\/\/www.iskreni.net\/trgovina\/?s={search_term_string}"},"query-input":{"@type":"PropertyValueSpecification","valueRequired":true,"valueName":"search_term_string"}}],"inLanguage":"sl-SI"}]}},"_links":{"self":[{"href":"https:\/\/www.iskreni.net\/trgovina\/wp-json\/wp\/v2\/product\/66873","targetHints":{"allow":["GET"]}}],"collection":[{"href":"https:\/\/www.iskreni.net\/trgovina\/wp-json\/wp\/v2\/product"}],"about":[{"href":"https:\/\/www.iskreni.net\/trgovina\/wp-json\/wp\/v2\/types\/product"}],"replies":[{"embeddable":true,"href":"https:\/\/www.iskreni.net\/trgovina\/wp-json\/wp\/v2\/comments?post=66873"}],"version-history":[{"count":12,"href":"https:\/\/www.iskreni.net\/trgovina\/wp-json\/wp\/v2\/product\/66873\/revisions"}],"predecessor-version":[{"id":69856,"href":"https:\/\/www.iskreni.net\/trgovina\/wp-json\/wp\/v2\/product\/66873\/revisions\/69856"}],"wp:featuredmedia":[{"embeddable":true,"href":"https:\/\/www.iskreni.net\/trgovina\/wp-json\/wp\/v2\/media\/66919"}],"wp:attachment":[{"href":"https:\/\/www.iskreni.net\/trgovina\/wp-json\/wp\/v2\/media?parent=66873"}],"wp:term":[{"taxonomy":"product_brand","embeddable":true,"href":"https:\/\/www.iskreni.net\/trgovina\/wp-json\/wp\/v2\/product_brand?post=66873"},{"taxonomy":"product_cat","embeddable":true,"href":"https:\/\/www.iskreni.net\/trgovina\/wp-json\/wp\/v2\/product_cat?post=66873"},{"taxonomy":"product_tag","embeddable":true,"href":"https:\/\/www.iskreni.net\/trgovina\/wp-json\/wp\/v2\/product_tag?post=66873"},{"taxonomy":"avtor","embeddable":true,"href":"https:\/\/www.iskreni.net\/trgovina\/wp-json\/wp\/v2\/avtor?post=66873"},{"taxonomy":"zalozba","embeddable":true,"href":"https:\/\/www.iskreni.net\/trgovina\/wp-json\/wp\/v2\/zalozba?post=66873"},{"taxonomy":"vezava","embeddable":true,"href":"https:\/\/www.iskreni.net\/trgovina\/wp-json\/wp\/v2\/vezava?post=66873"}],"curies":[{"name":"wp","href":"https:\/\/api.w.org\/{rel}","templated":true}]}}