{"id":64477,"date":"2023-03-03T14:48:32","date_gmt":"2023-03-03T13:48:32","guid":{"rendered":"https:\/\/www.iskreni.net\/trgovina\/?post_type=product&#038;p=64477"},"modified":"2023-10-23T14:18:56","modified_gmt":"2023-10-23T12:18:56","slug":"krizev-pot-z-varuhi-spomina","status":"publish","type":"product","link":"https:\/\/www.iskreni.net\/trgovina\/product\/krizev-pot-z-varuhi-spomina\/","title":{"rendered":"Kri\u017eev pot z varuhi spomina"},"content":{"rendered":"<h4 id=\"anchor-o-izdelku\" class=\"title\">O knjigi <em>Kri\u017eev pot z varuhi spomina<\/em><\/h4>\n<p><strong>Kri\u017eev pot z varuhi spomina na \u017ertve druge svetovne vojne na Slovenskem<\/strong><\/p>\n<p>\u010cez \u017ealostno goro trpljenja je pred sedmimi desetletji \u0161la tudi nepre\u0161tevna mno\u017eica na\u0161ih ljudi, ki jih je udarilo vojno in povojno peklensko nasilje. Rane \u0161e zdale\u010d niso zaceljene.<\/p>\n<p>Kristusov kri\u017e simbolizira preoblikujo\u010de \u017eari\u0161\u010de ljubezni. Naj se na\u0161e \u017eivljenje ob tem \u017eari\u0161\u010du odpre za nekaj novega.<\/p>\n<p>Naj se s premi\u0161ljevanjem postaj kri\u017eevega pota pribli\u017eamo nedoumljivim skrivnostim Boga in \u010dloveka.<\/p>\n<p>Naj vsaka \u017ertev vojne najde zato\u010di\u0161\u010de v srcu in molitvah nekoga izmed nas.<\/p>\n<p>Kri\u017eev pot z varuhi spomina je nastal v okviru spletne pobude Vseposvojitev, ki je del \u0161ir\u0161e civilno-dru\u017ebene iniciative Resnica in so\u010dutje.<\/p>\n<p>Avtorji: p. Miran \u0160peli\u010d, Janez Evangelist Rus, Vlasta Dole\u017eal Rus, Natalija Fab\u010di\u010d, Barbara Wohinz, Ale\u0161 \u010cerin, Jo\u017ee Bartolj, Darja Jakof\u010di\u010d, Jana Podjavor\u0161ek, Maksimilijan Matja\u017e, Marija Merc, Gregor Pavli\u010d, Majda Ko\u010dar, Jo\u017eica Friedrich in Jo\u017eef Muhovi\u010d<\/p>\n<div id=\"tab-opis_tab\" class=\"tab-pane active\">\n<p>&nbsp;<\/p>\n<p>&nbsp;<\/p>\n<\/div>\n","protected":false},"excerpt":{"rendered":"<p><strong>Spremna beseda:<\/strong> Romana Bider<br \/>\n<strong>Leto izdaje:<\/strong> 2015<br \/>\n<strong>\u0160tevilo strani:<\/strong> 58<br \/>\n<strong>Format:<\/strong> 105 x 146 mm<\/p>\n<p>Kri\u017eev pot z varuhi spomina na \u017ertve druge svetovne vojne na Slovenskem<\/p>\n","protected":false},"featured_media":64479,"comment_status":"open","ping_status":"closed","template":"","meta":[],"product_brand":[],"product_cat":[2324,63],"product_tag":[2037,1896,762],"avtor":[2577],"zalozba":[2311],"vezava":[2307],"class_list":{"0":"post-64477","1":"product","2":"type-product","3":"status-publish","4":"has-post-thumbnail","6":"product_cat-duhovnost-in-osebna-rast","7":"product_cat-knjige","8":"product_tag-krizev-pot","9":"product_tag-molitev","10":"product_tag-post-in-velika-noc","11":"avtor-vec-avtorjev","12":"zalozba-druzina","13":"vezava-mehka","15":"first","16":"instock","17":"taxable","18":"shipping-taxable","19":"purchasable","20":"product-type-simple"},"yoast_head":"<!-- This site is optimized with the Yoast SEO plugin v26.3 - https:\/\/yoast.com\/wordpress\/plugins\/seo\/ -->\n<title>Kri\u017eev pot z varuhi spomina - trgovina Iskreni<\/title>\n<meta name=\"description\" content=\"Kri\u017eev pot z varuhi spomina nas spodbuja k premi\u0161ljevanju postaj kri\u017eevega pota z mislijo na \u017ertve druge svetovne vojne na Slovenskem.\" \/>\n<meta name=\"robots\" content=\"index, follow, max-snippet:-1, max-image-preview:large, max-video-preview:-1\" \/>\n<link rel=\"canonical\" href=\"https:\/\/www.iskreni.net\/trgovina\/product\/krizev-pot-z-varuhi-spomina\/\" \/>\n<meta property=\"og:locale\" content=\"sl_SI\" \/>\n<meta property=\"og:type\" content=\"article\" \/>\n<meta property=\"og:title\" content=\"Kri\u017eev pot z varuhi spomina - trgovina Iskreni\" \/>\n<meta property=\"og:description\" content=\"Kri\u017eev pot z varuhi spomina nas spodbuja k premi\u0161ljevanju postaj kri\u017eevega pota z mislijo na \u017ertve druge svetovne vojne na Slovenskem.\" \/>\n<meta property=\"og:url\" content=\"https:\/\/www.iskreni.net\/trgovina\/product\/krizev-pot-z-varuhi-spomina\/\" \/>\n<meta property=\"og:site_name\" content=\"Zavod Iskreni\" \/>\n<meta property=\"article:modified_time\" content=\"2023-10-23T12:18:56+00:00\" \/>\n<meta property=\"og:image\" content=\"https:\/\/www.iskreni.net\/trgovina\/wp-content\/uploads\/2023\/03\/Slike-za-v-spletno-trgovino-45.jpg\" \/>\n\t<meta property=\"og:image:width\" content=\"600\" \/>\n\t<meta property=\"og:image:height\" content=\"600\" \/>\n\t<meta property=\"og:image:type\" content=\"image\/jpeg\" \/>\n<meta name=\"twitter:card\" content=\"summary_large_image\" \/>\n<meta name=\"twitter:label1\" content=\"Est. reading time\" \/>\n\t<meta name=\"twitter:data1\" content=\"1 minuta\" \/>\n<script type=\"application\/ld+json\" class=\"yoast-schema-graph\">{\"@context\":\"https:\/\/schema.org\",\"@graph\":[{\"@type\":\"WebPage\",\"@id\":\"https:\/\/www.iskreni.net\/trgovina\/product\/krizev-pot-z-varuhi-spomina\/\",\"url\":\"https:\/\/www.iskreni.net\/trgovina\/product\/krizev-pot-z-varuhi-spomina\/\",\"name\":\"Kri\u017eev pot z varuhi spomina - trgovina Iskreni\",\"isPartOf\":{\"@id\":\"https:\/\/www.iskreni.net\/trgovina\/#website\"},\"primaryImageOfPage\":{\"@id\":\"https:\/\/www.iskreni.net\/trgovina\/product\/krizev-pot-z-varuhi-spomina\/#primaryimage\"},\"image\":{\"@id\":\"https:\/\/www.iskreni.net\/trgovina\/product\/krizev-pot-z-varuhi-spomina\/#primaryimage\"},\"thumbnailUrl\":\"https:\/\/www.iskreni.net\/trgovina\/wp-content\/uploads\/2023\/03\/Slike-za-v-spletno-trgovino-45.jpg\",\"datePublished\":\"2023-03-03T13:48:32+00:00\",\"dateModified\":\"2023-10-23T12:18:56+00:00\",\"description\":\"Kri\u017eev pot z varuhi spomina nas spodbuja k premi\u0161ljevanju postaj kri\u017eevega pota z mislijo na \u017ertve druge svetovne vojne na Slovenskem.\",\"breadcrumb\":{\"@id\":\"https:\/\/www.iskreni.net\/trgovina\/product\/krizev-pot-z-varuhi-spomina\/#breadcrumb\"},\"inLanguage\":\"sl-SI\",\"potentialAction\":[{\"@type\":\"ReadAction\",\"target\":[\"https:\/\/www.iskreni.net\/trgovina\/product\/krizev-pot-z-varuhi-spomina\/\"]}]},{\"@type\":\"ImageObject\",\"inLanguage\":\"sl-SI\",\"@id\":\"https:\/\/www.iskreni.net\/trgovina\/product\/krizev-pot-z-varuhi-spomina\/#primaryimage\",\"url\":\"https:\/\/www.iskreni.net\/trgovina\/wp-content\/uploads\/2023\/03\/Slike-za-v-spletno-trgovino-45.jpg\",\"contentUrl\":\"https:\/\/www.iskreni.net\/trgovina\/wp-content\/uploads\/2023\/03\/Slike-za-v-spletno-trgovino-45.jpg\",\"width\":600,\"height\":600},{\"@type\":\"BreadcrumbList\",\"@id\":\"https:\/\/www.iskreni.net\/trgovina\/product\/krizev-pot-z-varuhi-spomina\/#breadcrumb\",\"itemListElement\":[{\"@type\":\"ListItem\",\"position\":1,\"name\":\"Home\",\"item\":\"https:\/\/www.iskreni.net\/trgovina\/\"},{\"@type\":\"ListItem\",\"position\":2,\"name\":\"Trgovina\",\"item\":\"https:\/\/www.iskreni.net\/trgovina\/trgovina\/\"},{\"@type\":\"ListItem\",\"position\":3,\"name\":\"Kri\u017eev pot z varuhi spomina\"}]},{\"@type\":\"WebSite\",\"@id\":\"https:\/\/www.iskreni.net\/trgovina\/#website\",\"url\":\"https:\/\/www.iskreni.net\/trgovina\/\",\"name\":\"Zavod Iskreni\",\"description\":\"trgovina\",\"potentialAction\":[{\"@type\":\"SearchAction\",\"target\":{\"@type\":\"EntryPoint\",\"urlTemplate\":\"https:\/\/www.iskreni.net\/trgovina\/?s={search_term_string}\"},\"query-input\":{\"@type\":\"PropertyValueSpecification\",\"valueRequired\":true,\"valueName\":\"search_term_string\"}}],\"inLanguage\":\"sl-SI\"}]}<\/script>\n<!-- \/ Yoast SEO plugin. -->","yoast_head_json":{"title":"Kri\u017eev pot z varuhi spomina - trgovina Iskreni","description":"Kri\u017eev pot z varuhi spomina nas spodbuja k premi\u0161ljevanju postaj kri\u017eevega pota z mislijo na \u017ertve druge svetovne vojne na Slovenskem.","robots":{"index":"index","follow":"follow","max-snippet":"max-snippet:-1","max-image-preview":"max-image-preview:large","max-video-preview":"max-video-preview:-1"},"canonical":"https:\/\/www.iskreni.net\/trgovina\/product\/krizev-pot-z-varuhi-spomina\/","og_locale":"sl_SI","og_type":"article","og_title":"Kri\u017eev pot z varuhi spomina - trgovina Iskreni","og_description":"Kri\u017eev pot z varuhi spomina nas spodbuja k premi\u0161ljevanju postaj kri\u017eevega pota z mislijo na \u017ertve druge svetovne vojne na Slovenskem.","og_url":"https:\/\/www.iskreni.net\/trgovina\/product\/krizev-pot-z-varuhi-spomina\/","og_site_name":"Zavod Iskreni","article_modified_time":"2023-10-23T12:18:56+00:00","og_image":[{"width":600,"height":600,"url":"https:\/\/www.iskreni.net\/trgovina\/wp-content\/uploads\/2023\/03\/Slike-za-v-spletno-trgovino-45.jpg","type":"image\/jpeg"}],"twitter_card":"summary_large_image","twitter_misc":{"Est. reading time":"1 minuta"},"schema":{"@context":"https:\/\/schema.org","@graph":[{"@type":"WebPage","@id":"https:\/\/www.iskreni.net\/trgovina\/product\/krizev-pot-z-varuhi-spomina\/","url":"https:\/\/www.iskreni.net\/trgovina\/product\/krizev-pot-z-varuhi-spomina\/","name":"Kri\u017eev pot z varuhi spomina - trgovina Iskreni","isPartOf":{"@id":"https:\/\/www.iskreni.net\/trgovina\/#website"},"primaryImageOfPage":{"@id":"https:\/\/www.iskreni.net\/trgovina\/product\/krizev-pot-z-varuhi-spomina\/#primaryimage"},"image":{"@id":"https:\/\/www.iskreni.net\/trgovina\/product\/krizev-pot-z-varuhi-spomina\/#primaryimage"},"thumbnailUrl":"https:\/\/www.iskreni.net\/trgovina\/wp-content\/uploads\/2023\/03\/Slike-za-v-spletno-trgovino-45.jpg","datePublished":"2023-03-03T13:48:32+00:00","dateModified":"2023-10-23T12:18:56+00:00","description":"Kri\u017eev pot z varuhi spomina nas spodbuja k premi\u0161ljevanju postaj kri\u017eevega pota z mislijo na \u017ertve druge svetovne vojne na Slovenskem.","breadcrumb":{"@id":"https:\/\/www.iskreni.net\/trgovina\/product\/krizev-pot-z-varuhi-spomina\/#breadcrumb"},"inLanguage":"sl-SI","potentialAction":[{"@type":"ReadAction","target":["https:\/\/www.iskreni.net\/trgovina\/product\/krizev-pot-z-varuhi-spomina\/"]}]},{"@type":"ImageObject","inLanguage":"sl-SI","@id":"https:\/\/www.iskreni.net\/trgovina\/product\/krizev-pot-z-varuhi-spomina\/#primaryimage","url":"https:\/\/www.iskreni.net\/trgovina\/wp-content\/uploads\/2023\/03\/Slike-za-v-spletno-trgovino-45.jpg","contentUrl":"https:\/\/www.iskreni.net\/trgovina\/wp-content\/uploads\/2023\/03\/Slike-za-v-spletno-trgovino-45.jpg","width":600,"height":600},{"@type":"BreadcrumbList","@id":"https:\/\/www.iskreni.net\/trgovina\/product\/krizev-pot-z-varuhi-spomina\/#breadcrumb","itemListElement":[{"@type":"ListItem","position":1,"name":"Home","item":"https:\/\/www.iskreni.net\/trgovina\/"},{"@type":"ListItem","position":2,"name":"Trgovina","item":"https:\/\/www.iskreni.net\/trgovina\/trgovina\/"},{"@type":"ListItem","position":3,"name":"Kri\u017eev pot z varuhi spomina"}]},{"@type":"WebSite","@id":"https:\/\/www.iskreni.net\/trgovina\/#website","url":"https:\/\/www.iskreni.net\/trgovina\/","name":"Zavod Iskreni","description":"trgovina","potentialAction":[{"@type":"SearchAction","target":{"@type":"EntryPoint","urlTemplate":"https:\/\/www.iskreni.net\/trgovina\/?s={search_term_string}"},"query-input":{"@type":"PropertyValueSpecification","valueRequired":true,"valueName":"search_term_string"}}],"inLanguage":"sl-SI"}]}},"_links":{"self":[{"href":"https:\/\/www.iskreni.net\/trgovina\/wp-json\/wp\/v2\/product\/64477","targetHints":{"allow":["GET"]}}],"collection":[{"href":"https:\/\/www.iskreni.net\/trgovina\/wp-json\/wp\/v2\/product"}],"about":[{"href":"https:\/\/www.iskreni.net\/trgovina\/wp-json\/wp\/v2\/types\/product"}],"replies":[{"embeddable":true,"href":"https:\/\/www.iskreni.net\/trgovina\/wp-json\/wp\/v2\/comments?post=64477"}],"version-history":[{"count":3,"href":"https:\/\/www.iskreni.net\/trgovina\/wp-json\/wp\/v2\/product\/64477\/revisions"}],"predecessor-version":[{"id":70351,"href":"https:\/\/www.iskreni.net\/trgovina\/wp-json\/wp\/v2\/product\/64477\/revisions\/70351"}],"wp:featuredmedia":[{"embeddable":true,"href":"https:\/\/www.iskreni.net\/trgovina\/wp-json\/wp\/v2\/media\/64479"}],"wp:attachment":[{"href":"https:\/\/www.iskreni.net\/trgovina\/wp-json\/wp\/v2\/media?parent=64477"}],"wp:term":[{"taxonomy":"product_brand","embeddable":true,"href":"https:\/\/www.iskreni.net\/trgovina\/wp-json\/wp\/v2\/product_brand?post=64477"},{"taxonomy":"product_cat","embeddable":true,"href":"https:\/\/www.iskreni.net\/trgovina\/wp-json\/wp\/v2\/product_cat?post=64477"},{"taxonomy":"product_tag","embeddable":true,"href":"https:\/\/www.iskreni.net\/trgovina\/wp-json\/wp\/v2\/product_tag?post=64477"},{"taxonomy":"avtor","embeddable":true,"href":"https:\/\/www.iskreni.net\/trgovina\/wp-json\/wp\/v2\/avtor?post=64477"},{"taxonomy":"zalozba","embeddable":true,"href":"https:\/\/www.iskreni.net\/trgovina\/wp-json\/wp\/v2\/zalozba?post=64477"},{"taxonomy":"vezava","embeddable":true,"href":"https:\/\/www.iskreni.net\/trgovina\/wp-json\/wp\/v2\/vezava?post=64477"}],"curies":[{"name":"wp","href":"https:\/\/api.w.org\/{rel}","templated":true}]}}