{"id":63546,"date":"2023-01-30T15:44:51","date_gmt":"2023-01-30T14:44:51","guid":{"rendered":"https:\/\/www.iskreni.net\/trgovina\/?post_type=product&#038;p=63546"},"modified":"2024-01-18T10:49:44","modified_gmt":"2024-01-18T09:49:44","slug":"forum-sao-paulo-in-kulturna-vojna","status":"publish","type":"product","link":"https:\/\/www.iskreni.net\/trgovina\/product\/forum-sao-paulo-in-kulturna-vojna\/","title":{"rendered":"Forum S\u00e3o Paulo in kulturna vojna"},"content":{"rendered":"<h4>O knjigi Forum S\u00e3o Paulo in kulturna vojna:<\/h4>\n<div class=\"wpb_text_column wpb_content_element \">\n<div class=\"wpb_wrapper\">\n<p>V drugi polovici 20. stoletja smo bili pri\u010da vzponu levi\u010darskih ideologij, ki so se prebijale v ospredje s pomo\u010djo dolgega pohoda skozi institucije ter kulturne vojne. Forum v S\u00e3o Paolu zdru\u017euje ju\u017enoameri\u0161ke levi\u010darske stranke ter se, kot v pri\u010dujo\u010di knjigi iz\u010drpno opi\u0161e avtor, poslu\u017euje socialnega in\u017eeniringa in drugih subverzivnih metod za doseganje svojih ciljev. \u010ceprav gre za druga\u010dno okolje od na\u0161ega, lahko opazimo vzporednice z levi\u010darskim delovanjem v Sloveniji in Evropi, zaradi \u010desar je pri\u010dujo\u010da knjiga tako zanimivo kot tudi koristno branje za vse, ki jih zanima, kako levica uveljavlja svoje nazore.<\/p>\n<p>Janez Jan\u0161a v spremni besedi: \u201cZaradi nedokon\u010dane tranzicije v demokrati\u010dno dru\u017ebo kulturnemu marksizmu v Sloveniji ni bilo treba opraviti dolgega pohoda skozi institucije, da bi zavzel medije, \u0161olstvo, sodstvo, kulturne ustanove ipd.\u00a0 Celotno omre\u017eje nekdanje tajne politi\u010dne policije je ostalo nedotaknjeno tako kot v Ruski federaciji. Vladimir Putin se je v Ruski federaciji pri utrditvi svoje oblasti zato lahko trdno naslonil na omre\u017eje KGB. \u0160e trdneje se je na neokrnjeno in nelustrirano omre\u017eje nekdanje sebi podrejene tajne politi\u010dne policije SDV v Sloveniji naslonil Milan Ku\u010dan s svojim Forumom 21 oziroma z vzporednim mehanizmom.\u201d<\/p>\n<p><strong>Ve\u010d o knjigi:<\/strong><\/p>\n<p>Na\u0161i otroci so napadeni. To je nova oblika vojskovanja. Napad ni usmerjen proti njihovim telesom, temve\u010d proti njihovim du\u0161am. Na desetine mehanizmov se uporablja za manipuliranje z mislimi mladih ljudi, da bi jim prepre\u010dili razlikovanje med dobrim in zlim. Gre za izkrivljanje vrednot in na\u010del, da bi napadli resnico, ljubezen, dru\u017eino in najbolj intimna prepri\u010danja. Avtor pojasnjuje, kdo vodi to vojno in zakaj to po\u010dne. Najdragocenej\u0161i pa so njegovi predlogi, kako se pred to novo vrsto po\u017eara ubraniti.<\/p>\n<p>Alejandro Pe\u00f1a Esclusa je strokovnjak za forum v S\u00e3o Paulu in je napisal \u017ee ve\u010d knjig na to temo, tokrat pa nam predstavlja doslej neznani vidik. Vendar njegov pogled ni pogled akademika, temve\u010d borca, ki to organizacijo obsoja \u017ee petindvajset let.<\/p>\n<p><em>Carlos Sierra Galindo, predsednik zveze Verdad Colombia<\/em><\/p>\n<\/div>\n<\/div>\n","protected":false},"excerpt":{"rendered":"<p><strong>Leto izdaje:<\/strong> 2022<br \/>\n<strong>\u0160tevilo strani:<\/strong> 100 strani<\/p>\n<p><i>\u00a0<\/i><\/p>\n","protected":false},"featured_media":63548,"comment_status":"open","ping_status":"closed","template":"","meta":[],"product_brand":[],"product_cat":[2326,63],"product_tag":[2309],"avtor":[2308],"zalozba":[2310],"vezava":[2307],"class_list":{"0":"post-63546","1":"product","2":"type-product","3":"status-publish","4":"has-post-thumbnail","6":"product_cat-druzbena-vprasanja-in-humanistika","7":"product_cat-knjige","8":"product_tag-forum-sao-paulo","9":"avtor-alejandro-pena-esclusa","10":"zalozba-nova-obzorja","11":"vezava-mehka","13":"first","14":"instock","15":"taxable","16":"shipping-taxable","17":"purchasable","18":"product-type-simple"},"yoast_head":"<!-- This site is optimized with the Yoast SEO plugin v26.3 - https:\/\/yoast.com\/wordpress\/plugins\/seo\/ -->\n<title>Forum Sao Paulo in kulturna vojna - trgovina Iskreni<\/title>\n<meta name=\"description\" content=\"Forum Sao Paulo in kulturna vojna: Postdemokrati\u010dna dru\u017eba, vladavina neizvoljenih in barbarstvo.\" \/>\n<meta name=\"robots\" content=\"index, follow, max-snippet:-1, max-image-preview:large, max-video-preview:-1\" \/>\n<link rel=\"canonical\" href=\"https:\/\/www.iskreni.net\/trgovina\/product\/forum-sao-paulo-in-kulturna-vojna\/\" \/>\n<meta property=\"og:locale\" content=\"sl_SI\" \/>\n<meta property=\"og:type\" content=\"article\" \/>\n<meta property=\"og:title\" content=\"Forum S\u00e3o Paulo in kulturna vojna\" \/>\n<meta property=\"og:description\" content=\"Forum Sao Paulo in kulturna vojna: Postdemokrati\u010dna dru\u017eba, vladavina neizvoljenih in barbarstvo.\" \/>\n<meta property=\"og:url\" content=\"https:\/\/www.iskreni.net\/trgovina\/product\/forum-sao-paulo-in-kulturna-vojna\/\" \/>\n<meta property=\"og:site_name\" content=\"Zavod Iskreni\" \/>\n<meta property=\"article:modified_time\" content=\"2024-01-18T09:49:44+00:00\" \/>\n<meta property=\"og:image\" content=\"https:\/\/www.iskreni.net\/trgovina\/wp-content\/uploads\/2023\/01\/Slike-za-v-spletno-trgovino-37.jpg\" \/>\n\t<meta property=\"og:image:width\" content=\"600\" \/>\n\t<meta property=\"og:image:height\" content=\"600\" \/>\n\t<meta property=\"og:image:type\" content=\"image\/jpeg\" \/>\n<meta name=\"twitter:card\" content=\"summary_large_image\" \/>\n<meta name=\"twitter:label1\" content=\"Est. reading time\" \/>\n\t<meta name=\"twitter:data1\" content=\"2 minuti\" \/>\n<script type=\"application\/ld+json\" class=\"yoast-schema-graph\">{\"@context\":\"https:\/\/schema.org\",\"@graph\":[{\"@type\":\"WebPage\",\"@id\":\"https:\/\/www.iskreni.net\/trgovina\/product\/forum-sao-paulo-in-kulturna-vojna\/\",\"url\":\"https:\/\/www.iskreni.net\/trgovina\/product\/forum-sao-paulo-in-kulturna-vojna\/\",\"name\":\"Forum Sao Paulo in kulturna vojna - trgovina Iskreni\",\"isPartOf\":{\"@id\":\"https:\/\/www.iskreni.net\/trgovina\/#website\"},\"primaryImageOfPage\":{\"@id\":\"https:\/\/www.iskreni.net\/trgovina\/product\/forum-sao-paulo-in-kulturna-vojna\/#primaryimage\"},\"image\":{\"@id\":\"https:\/\/www.iskreni.net\/trgovina\/product\/forum-sao-paulo-in-kulturna-vojna\/#primaryimage\"},\"thumbnailUrl\":\"https:\/\/www.iskreni.net\/trgovina\/wp-content\/uploads\/2023\/01\/Slike-za-v-spletno-trgovino-37.jpg\",\"datePublished\":\"2023-01-30T14:44:51+00:00\",\"dateModified\":\"2024-01-18T09:49:44+00:00\",\"description\":\"Forum Sao Paulo in kulturna vojna: Postdemokrati\u010dna dru\u017eba, vladavina neizvoljenih in barbarstvo.\",\"breadcrumb\":{\"@id\":\"https:\/\/www.iskreni.net\/trgovina\/product\/forum-sao-paulo-in-kulturna-vojna\/#breadcrumb\"},\"inLanguage\":\"sl-SI\",\"potentialAction\":[{\"@type\":\"ReadAction\",\"target\":[\"https:\/\/www.iskreni.net\/trgovina\/product\/forum-sao-paulo-in-kulturna-vojna\/\"]}]},{\"@type\":\"ImageObject\",\"inLanguage\":\"sl-SI\",\"@id\":\"https:\/\/www.iskreni.net\/trgovina\/product\/forum-sao-paulo-in-kulturna-vojna\/#primaryimage\",\"url\":\"https:\/\/www.iskreni.net\/trgovina\/wp-content\/uploads\/2023\/01\/Slike-za-v-spletno-trgovino-37.jpg\",\"contentUrl\":\"https:\/\/www.iskreni.net\/trgovina\/wp-content\/uploads\/2023\/01\/Slike-za-v-spletno-trgovino-37.jpg\",\"width\":600,\"height\":600},{\"@type\":\"BreadcrumbList\",\"@id\":\"https:\/\/www.iskreni.net\/trgovina\/product\/forum-sao-paulo-in-kulturna-vojna\/#breadcrumb\",\"itemListElement\":[{\"@type\":\"ListItem\",\"position\":1,\"name\":\"Home\",\"item\":\"https:\/\/www.iskreni.net\/trgovina\/\"},{\"@type\":\"ListItem\",\"position\":2,\"name\":\"Trgovina\",\"item\":\"https:\/\/www.iskreni.net\/trgovina\/trgovina\/\"},{\"@type\":\"ListItem\",\"position\":3,\"name\":\"Forum S\u00e3o Paulo in kulturna vojna\"}]},{\"@type\":\"WebSite\",\"@id\":\"https:\/\/www.iskreni.net\/trgovina\/#website\",\"url\":\"https:\/\/www.iskreni.net\/trgovina\/\",\"name\":\"Zavod Iskreni\",\"description\":\"trgovina\",\"potentialAction\":[{\"@type\":\"SearchAction\",\"target\":{\"@type\":\"EntryPoint\",\"urlTemplate\":\"https:\/\/www.iskreni.net\/trgovina\/?s={search_term_string}\"},\"query-input\":{\"@type\":\"PropertyValueSpecification\",\"valueRequired\":true,\"valueName\":\"search_term_string\"}}],\"inLanguage\":\"sl-SI\"}]}<\/script>\n<!-- \/ Yoast SEO plugin. -->","yoast_head_json":{"title":"Forum Sao Paulo in kulturna vojna - trgovina Iskreni","description":"Forum Sao Paulo in kulturna vojna: Postdemokrati\u010dna dru\u017eba, vladavina neizvoljenih in barbarstvo.","robots":{"index":"index","follow":"follow","max-snippet":"max-snippet:-1","max-image-preview":"max-image-preview:large","max-video-preview":"max-video-preview:-1"},"canonical":"https:\/\/www.iskreni.net\/trgovina\/product\/forum-sao-paulo-in-kulturna-vojna\/","og_locale":"sl_SI","og_type":"article","og_title":"Forum S\u00e3o Paulo in kulturna vojna","og_description":"Forum Sao Paulo in kulturna vojna: Postdemokrati\u010dna dru\u017eba, vladavina neizvoljenih in barbarstvo.","og_url":"https:\/\/www.iskreni.net\/trgovina\/product\/forum-sao-paulo-in-kulturna-vojna\/","og_site_name":"Zavod Iskreni","article_modified_time":"2024-01-18T09:49:44+00:00","og_image":[{"width":600,"height":600,"url":"https:\/\/www.iskreni.net\/trgovina\/wp-content\/uploads\/2023\/01\/Slike-za-v-spletno-trgovino-37.jpg","type":"image\/jpeg"}],"twitter_card":"summary_large_image","twitter_misc":{"Est. reading time":"2 minuti"},"schema":{"@context":"https:\/\/schema.org","@graph":[{"@type":"WebPage","@id":"https:\/\/www.iskreni.net\/trgovina\/product\/forum-sao-paulo-in-kulturna-vojna\/","url":"https:\/\/www.iskreni.net\/trgovina\/product\/forum-sao-paulo-in-kulturna-vojna\/","name":"Forum Sao Paulo in kulturna vojna - trgovina Iskreni","isPartOf":{"@id":"https:\/\/www.iskreni.net\/trgovina\/#website"},"primaryImageOfPage":{"@id":"https:\/\/www.iskreni.net\/trgovina\/product\/forum-sao-paulo-in-kulturna-vojna\/#primaryimage"},"image":{"@id":"https:\/\/www.iskreni.net\/trgovina\/product\/forum-sao-paulo-in-kulturna-vojna\/#primaryimage"},"thumbnailUrl":"https:\/\/www.iskreni.net\/trgovina\/wp-content\/uploads\/2023\/01\/Slike-za-v-spletno-trgovino-37.jpg","datePublished":"2023-01-30T14:44:51+00:00","dateModified":"2024-01-18T09:49:44+00:00","description":"Forum Sao Paulo in kulturna vojna: Postdemokrati\u010dna dru\u017eba, vladavina neizvoljenih in barbarstvo.","breadcrumb":{"@id":"https:\/\/www.iskreni.net\/trgovina\/product\/forum-sao-paulo-in-kulturna-vojna\/#breadcrumb"},"inLanguage":"sl-SI","potentialAction":[{"@type":"ReadAction","target":["https:\/\/www.iskreni.net\/trgovina\/product\/forum-sao-paulo-in-kulturna-vojna\/"]}]},{"@type":"ImageObject","inLanguage":"sl-SI","@id":"https:\/\/www.iskreni.net\/trgovina\/product\/forum-sao-paulo-in-kulturna-vojna\/#primaryimage","url":"https:\/\/www.iskreni.net\/trgovina\/wp-content\/uploads\/2023\/01\/Slike-za-v-spletno-trgovino-37.jpg","contentUrl":"https:\/\/www.iskreni.net\/trgovina\/wp-content\/uploads\/2023\/01\/Slike-za-v-spletno-trgovino-37.jpg","width":600,"height":600},{"@type":"BreadcrumbList","@id":"https:\/\/www.iskreni.net\/trgovina\/product\/forum-sao-paulo-in-kulturna-vojna\/#breadcrumb","itemListElement":[{"@type":"ListItem","position":1,"name":"Home","item":"https:\/\/www.iskreni.net\/trgovina\/"},{"@type":"ListItem","position":2,"name":"Trgovina","item":"https:\/\/www.iskreni.net\/trgovina\/trgovina\/"},{"@type":"ListItem","position":3,"name":"Forum S\u00e3o Paulo in kulturna vojna"}]},{"@type":"WebSite","@id":"https:\/\/www.iskreni.net\/trgovina\/#website","url":"https:\/\/www.iskreni.net\/trgovina\/","name":"Zavod Iskreni","description":"trgovina","potentialAction":[{"@type":"SearchAction","target":{"@type":"EntryPoint","urlTemplate":"https:\/\/www.iskreni.net\/trgovina\/?s={search_term_string}"},"query-input":{"@type":"PropertyValueSpecification","valueRequired":true,"valueName":"search_term_string"}}],"inLanguage":"sl-SI"}]}},"_links":{"self":[{"href":"https:\/\/www.iskreni.net\/trgovina\/wp-json\/wp\/v2\/product\/63546","targetHints":{"allow":["GET"]}}],"collection":[{"href":"https:\/\/www.iskreni.net\/trgovina\/wp-json\/wp\/v2\/product"}],"about":[{"href":"https:\/\/www.iskreni.net\/trgovina\/wp-json\/wp\/v2\/types\/product"}],"replies":[{"embeddable":true,"href":"https:\/\/www.iskreni.net\/trgovina\/wp-json\/wp\/v2\/comments?post=63546"}],"version-history":[{"count":6,"href":"https:\/\/www.iskreni.net\/trgovina\/wp-json\/wp\/v2\/product\/63546\/revisions"}],"predecessor-version":[{"id":72681,"href":"https:\/\/www.iskreni.net\/trgovina\/wp-json\/wp\/v2\/product\/63546\/revisions\/72681"}],"wp:featuredmedia":[{"embeddable":true,"href":"https:\/\/www.iskreni.net\/trgovina\/wp-json\/wp\/v2\/media\/63548"}],"wp:attachment":[{"href":"https:\/\/www.iskreni.net\/trgovina\/wp-json\/wp\/v2\/media?parent=63546"}],"wp:term":[{"taxonomy":"product_brand","embeddable":true,"href":"https:\/\/www.iskreni.net\/trgovina\/wp-json\/wp\/v2\/product_brand?post=63546"},{"taxonomy":"product_cat","embeddable":true,"href":"https:\/\/www.iskreni.net\/trgovina\/wp-json\/wp\/v2\/product_cat?post=63546"},{"taxonomy":"product_tag","embeddable":true,"href":"https:\/\/www.iskreni.net\/trgovina\/wp-json\/wp\/v2\/product_tag?post=63546"},{"taxonomy":"avtor","embeddable":true,"href":"https:\/\/www.iskreni.net\/trgovina\/wp-json\/wp\/v2\/avtor?post=63546"},{"taxonomy":"zalozba","embeddable":true,"href":"https:\/\/www.iskreni.net\/trgovina\/wp-json\/wp\/v2\/zalozba?post=63546"},{"taxonomy":"vezava","embeddable":true,"href":"https:\/\/www.iskreni.net\/trgovina\/wp-json\/wp\/v2\/vezava?post=63546"}],"curies":[{"name":"wp","href":"https:\/\/api.w.org\/{rel}","templated":true}]}}