{"id":58647,"date":"2022-09-07T14:34:22","date_gmt":"2022-09-07T12:34:22","guid":{"rendered":"https:\/\/www.iskreni.net\/trgovina\/?post_type=product&#038;p=58647"},"modified":"2023-10-19T14:20:23","modified_gmt":"2023-10-19T12:20:23","slug":"berem-z-vidom-2","status":"publish","type":"product","link":"https:\/\/www.iskreni.net\/trgovina\/product\/berem-z-vidom-2\/","title":{"rendered":"Berem z Vidom 2"},"content":{"rendered":"<h3>O knjigi <em>Berem z Vidom 2<\/em><\/h3>\n<p>Nih\u010de naj ne bo prikraj\u0161an za supermo\u010d branja!<\/p>\n<p><em>U\u010dinkovito branje je eno najpomembnej\u0161ih orodij v \u017eivljenju. A se mnogim otrokom iz razli\u010dnih razlogov pri tem zatika. Vaje vidnega zaznavanja so ena naju\u010dinkovitej\u0161ih poti napredovanja. Berem z Vidom 2 je priro\u010dnik in delovni zvezek v enem. Ponuja strokovno podprt sistemski okvir, hkrati pa je dovolj enostaven, da ga lahko uporablja prav vsak.<\/em><\/p>\n<p>Priro\u010dnik in delovni zvezek<em>\u00a0Berem z Vidom 2<\/em>\u00a0je sistemati\u010dno nadaljevanje prvega dela \u2013\u00a0<em>Berem z Vidom 1.<\/em>\u00a0Preproste, a strukturno zahtevnej\u0161e naloge bodo otroka podprle na poti prehoda od za\u010detne stopnje do teko\u010dega branja. U\u010dinkovit in strokovno zasnovan koncept bo v pomo\u010d specialnim pedagogom, u\u010diteljem, vzgojiteljem in star\u0161em. Superjunak Vid se bo tokrat najpogosteje dru\u017eil z otroki prvih dveh triletij osnovne \u0161ole. U\u010dinkovito pa bo pomagal tudi otrokom z disleksijo in razli\u010dnimi primanjkljaji pri branju, ne glede na starost. Naj gre za dodatne ure strokovne pomo\u010di ali neobvezno doma\u010do spodbudo \u2013 priro\u010dnik Berem z Vidom bo v otroku okrepil supermo\u010d u\u010dinkovitega branja.<\/p>\n<h4><a href=\"https:\/\/www.iskreni.net\/trgovina\/wp-content\/uploads\/2022\/09\/Cvet-Mateja-2022-Berem-z-Vidom-2-prelistaj-knjigo.pdf\">Prelistaj<\/a><\/h4>\n<p>&nbsp;<\/p>\n<h3>O avtorjih:<\/h3>\n<p>Priro\u010dnik je nastal na podlagi desetletnih izku\u0161enj specialnopedago\u0161kega dela z otroki z disleksijo, hkrati pa tudi na podlagi moje osebne izku\u0161nje in boja z njo. Kot otrok sem izredno te\u017eko razumela, zakaj mi u\u010denje branja povzro\u010da tako velike te\u017eave, zakaj nikakor ne morem ugotoviti, katera \u010drka je b in katera d, kje je desna in kje leva in zakaj si posameznih podatkov ne morem zapomniti kljub uram u\u010denja. \u017de kot majhna deklica sem si zadala, da bom razkrila skrivnosti branja ter svoja odkritja delila z drugimi otroki z disleksijo in vsemi, ki se u\u010dijo in u\u010dijo brati. Obilo zabave ob re\u0161evanju in urjenju vidnega zaznavanja vam \u017eelim. Naj bo u\u010denje branja z Vidom prijetna pustolov\u0161\u010dina, ki bo otroku odprla vrata v \u010dudoviti svet zgodb in domi\u0161ljije.<br \/>\n<em>Mateja Cvet, profesorica specialne in rehabilitacijske pedagogike<\/em><\/p>\n<p>Priro\u010dnik in delovni zvezek Berem z Vidom 2 resni\u010dno na enem mestu zdru\u017euje vse potrebne vsebine in vaje za pomo\u010d otroku v prvem delu u\u010denja branja, v percepciji grafemov in besed, ki so lahko kraj\u0161e ali dalj\u0161e. Otrok ima skozi vseh deset vaj dovolj prilo\u017enosti, da spozna veliko \u0161tevilo novih besed in s tem \u0161iri besedi\u0161\u010de, kajti hitrost branja je odvisna tudi od hitrega prepoznavanja najfrekventnej\u0161ih besed v na\u0161em jeziku. S pri\u010dujo\u010dim delom nimamo ve\u010d opravi\u010dila, da otrokom ne bi pomagali s strokovno izbranimi vajami, ki pokrivajo najpomembnej\u0161a perceptivna podro\u010dja priprave na u\u010denje in izbolj\u0161anje branja.<br \/>\n<em>Dr. Marko Kalan, prof. defektologije<\/em><\/p>\n<h3><\/h3>\n","protected":false},"excerpt":{"rendered":"<p><strong>Drugi sodelujo\u010di avtorji:\u00a0<\/strong>Marko Kalan<br \/>\n<strong>\u0160tevilo strani:<\/strong> 92<br \/>\n<strong>Leto izdaje:<\/strong> 2022<br \/>\n<strong>Format:<\/strong> 297 x 210 mm<\/p>\n<h4>Z vajami vidnega zaznavanja \u010dez igrive izzive do teko\u010dega branja<\/h4>\n<h4><a href=\"https:\/\/www.iskreni.net\/trgovina\/wp-content\/uploads\/2022\/09\/Cvet-Mateja-2022-Berem-z-Vidom-2-prelistaj-knjigo.pdf\">Prelistaj<\/a><\/h4>\n<h5><\/h5>\n","protected":false},"featured_media":58592,"comment_status":"open","ping_status":"closed","template":"","meta":[],"product_brand":[],"product_cat":[1014,63,135],"product_tag":[715],"avtor":[2491],"zalozba":[2337],"vezava":[2307],"class_list":{"0":"post-58647","1":"product","2":"type-product","3":"status-publish","4":"has-post-thumbnail","6":"product_cat-ucni-pripomocki","7":"product_cat-knjige","8":"product_cat-za-otroke","9":"product_tag-delovni-zvezek","10":"avtor-mateja-cvet","11":"zalozba-celjska-mohorjeva-druzba","12":"vezava-mehka","14":"first","15":"instock","16":"taxable","17":"shipping-taxable","18":"purchasable","19":"product-type-simple"},"yoast_head":"<!-- This site is optimized with the Yoast SEO plugin v26.3 - https:\/\/yoast.com\/wordpress\/plugins\/seo\/ -->\n<title>Berem z Vidom 2 - trgovina Iskreni<\/title>\n<meta name=\"description\" content=\"Berem z Vidom 2 je priro\u010dnik in delovni zvezek v enem, ki otroke spodbuja k u\u010dinkovitemu branju z vajami vidnega zaznavanja.\" \/>\n<meta name=\"robots\" content=\"index, follow, max-snippet:-1, max-image-preview:large, max-video-preview:-1\" \/>\n<link rel=\"canonical\" href=\"https:\/\/www.iskreni.net\/trgovina\/product\/berem-z-vidom-2\/\" \/>\n<meta property=\"og:locale\" content=\"sl_SI\" \/>\n<meta property=\"og:type\" content=\"article\" \/>\n<meta property=\"og:title\" content=\"Berem z Vidom 2\" \/>\n<meta property=\"og:description\" content=\"Berem z Vidom 2 je priro\u010dnik in delovni zvezek v enem, ki otroke spodbuja k u\u010dinkovitemu branju z vajami vidnega zaznavanja.\" \/>\n<meta property=\"og:url\" content=\"https:\/\/www.iskreni.net\/trgovina\/product\/berem-z-vidom-2\/\" \/>\n<meta property=\"og:site_name\" content=\"Zavod Iskreni\" \/>\n<meta property=\"article:modified_time\" content=\"2023-10-19T12:20:23+00:00\" \/>\n<meta property=\"og:image\" content=\"https:\/\/www.iskreni.net\/trgovina\/wp-content\/uploads\/2022\/09\/1-5.jpg\" \/>\n\t<meta property=\"og:image:width\" content=\"1200\" \/>\n\t<meta property=\"og:image:height\" content=\"674\" \/>\n\t<meta property=\"og:image:type\" content=\"image\/jpeg\" \/>\n<meta name=\"twitter:card\" content=\"summary_large_image\" \/>\n<meta name=\"twitter:label1\" content=\"Est. reading time\" \/>\n\t<meta name=\"twitter:data1\" content=\"3 minute\" \/>\n<script type=\"application\/ld+json\" class=\"yoast-schema-graph\">{\"@context\":\"https:\/\/schema.org\",\"@graph\":[{\"@type\":\"WebPage\",\"@id\":\"https:\/\/www.iskreni.net\/trgovina\/product\/berem-z-vidom-2\/\",\"url\":\"https:\/\/www.iskreni.net\/trgovina\/product\/berem-z-vidom-2\/\",\"name\":\"Berem z Vidom 2 - trgovina Iskreni\",\"isPartOf\":{\"@id\":\"https:\/\/www.iskreni.net\/trgovina\/#website\"},\"primaryImageOfPage\":{\"@id\":\"https:\/\/www.iskreni.net\/trgovina\/product\/berem-z-vidom-2\/#primaryimage\"},\"image\":{\"@id\":\"https:\/\/www.iskreni.net\/trgovina\/product\/berem-z-vidom-2\/#primaryimage\"},\"thumbnailUrl\":\"https:\/\/www.iskreni.net\/trgovina\/wp-content\/uploads\/2022\/09\/1-4.jpg\",\"datePublished\":\"2022-09-07T12:34:22+00:00\",\"dateModified\":\"2023-10-19T12:20:23+00:00\",\"description\":\"Berem z Vidom 2 je priro\u010dnik in delovni zvezek v enem, ki otroke spodbuja k u\u010dinkovitemu branju z vajami vidnega zaznavanja.\",\"breadcrumb\":{\"@id\":\"https:\/\/www.iskreni.net\/trgovina\/product\/berem-z-vidom-2\/#breadcrumb\"},\"inLanguage\":\"sl-SI\",\"potentialAction\":[{\"@type\":\"ReadAction\",\"target\":[\"https:\/\/www.iskreni.net\/trgovina\/product\/berem-z-vidom-2\/\"]}]},{\"@type\":\"ImageObject\",\"inLanguage\":\"sl-SI\",\"@id\":\"https:\/\/www.iskreni.net\/trgovina\/product\/berem-z-vidom-2\/#primaryimage\",\"url\":\"https:\/\/www.iskreni.net\/trgovina\/wp-content\/uploads\/2022\/09\/1-4.jpg\",\"contentUrl\":\"https:\/\/www.iskreni.net\/trgovina\/wp-content\/uploads\/2022\/09\/1-4.jpg\",\"width\":600,\"height\":600},{\"@type\":\"BreadcrumbList\",\"@id\":\"https:\/\/www.iskreni.net\/trgovina\/product\/berem-z-vidom-2\/#breadcrumb\",\"itemListElement\":[{\"@type\":\"ListItem\",\"position\":1,\"name\":\"Home\",\"item\":\"https:\/\/www.iskreni.net\/trgovina\/\"},{\"@type\":\"ListItem\",\"position\":2,\"name\":\"Trgovina\",\"item\":\"https:\/\/www.iskreni.net\/trgovina\/trgovina\/\"},{\"@type\":\"ListItem\",\"position\":3,\"name\":\"Berem z Vidom 2\"}]},{\"@type\":\"WebSite\",\"@id\":\"https:\/\/www.iskreni.net\/trgovina\/#website\",\"url\":\"https:\/\/www.iskreni.net\/trgovina\/\",\"name\":\"Zavod Iskreni\",\"description\":\"trgovina\",\"potentialAction\":[{\"@type\":\"SearchAction\",\"target\":{\"@type\":\"EntryPoint\",\"urlTemplate\":\"https:\/\/www.iskreni.net\/trgovina\/?s={search_term_string}\"},\"query-input\":{\"@type\":\"PropertyValueSpecification\",\"valueRequired\":true,\"valueName\":\"search_term_string\"}}],\"inLanguage\":\"sl-SI\"}]}<\/script>\n<!-- \/ Yoast SEO plugin. -->","yoast_head_json":{"title":"Berem z Vidom 2 - trgovina Iskreni","description":"Berem z Vidom 2 je priro\u010dnik in delovni zvezek v enem, ki otroke spodbuja k u\u010dinkovitemu branju z vajami vidnega zaznavanja.","robots":{"index":"index","follow":"follow","max-snippet":"max-snippet:-1","max-image-preview":"max-image-preview:large","max-video-preview":"max-video-preview:-1"},"canonical":"https:\/\/www.iskreni.net\/trgovina\/product\/berem-z-vidom-2\/","og_locale":"sl_SI","og_type":"article","og_title":"Berem z Vidom 2","og_description":"Berem z Vidom 2 je priro\u010dnik in delovni zvezek v enem, ki otroke spodbuja k u\u010dinkovitemu branju z vajami vidnega zaznavanja.","og_url":"https:\/\/www.iskreni.net\/trgovina\/product\/berem-z-vidom-2\/","og_site_name":"Zavod Iskreni","article_modified_time":"2023-10-19T12:20:23+00:00","og_image":[{"width":1200,"height":674,"url":"https:\/\/www.iskreni.net\/trgovina\/wp-content\/uploads\/2022\/09\/1-5.jpg","type":"image\/jpeg"}],"twitter_card":"summary_large_image","twitter_misc":{"Est. reading time":"3 minute"},"schema":{"@context":"https:\/\/schema.org","@graph":[{"@type":"WebPage","@id":"https:\/\/www.iskreni.net\/trgovina\/product\/berem-z-vidom-2\/","url":"https:\/\/www.iskreni.net\/trgovina\/product\/berem-z-vidom-2\/","name":"Berem z Vidom 2 - trgovina Iskreni","isPartOf":{"@id":"https:\/\/www.iskreni.net\/trgovina\/#website"},"primaryImageOfPage":{"@id":"https:\/\/www.iskreni.net\/trgovina\/product\/berem-z-vidom-2\/#primaryimage"},"image":{"@id":"https:\/\/www.iskreni.net\/trgovina\/product\/berem-z-vidom-2\/#primaryimage"},"thumbnailUrl":"https:\/\/www.iskreni.net\/trgovina\/wp-content\/uploads\/2022\/09\/1-4.jpg","datePublished":"2022-09-07T12:34:22+00:00","dateModified":"2023-10-19T12:20:23+00:00","description":"Berem z Vidom 2 je priro\u010dnik in delovni zvezek v enem, ki otroke spodbuja k u\u010dinkovitemu branju z vajami vidnega zaznavanja.","breadcrumb":{"@id":"https:\/\/www.iskreni.net\/trgovina\/product\/berem-z-vidom-2\/#breadcrumb"},"inLanguage":"sl-SI","potentialAction":[{"@type":"ReadAction","target":["https:\/\/www.iskreni.net\/trgovina\/product\/berem-z-vidom-2\/"]}]},{"@type":"ImageObject","inLanguage":"sl-SI","@id":"https:\/\/www.iskreni.net\/trgovina\/product\/berem-z-vidom-2\/#primaryimage","url":"https:\/\/www.iskreni.net\/trgovina\/wp-content\/uploads\/2022\/09\/1-4.jpg","contentUrl":"https:\/\/www.iskreni.net\/trgovina\/wp-content\/uploads\/2022\/09\/1-4.jpg","width":600,"height":600},{"@type":"BreadcrumbList","@id":"https:\/\/www.iskreni.net\/trgovina\/product\/berem-z-vidom-2\/#breadcrumb","itemListElement":[{"@type":"ListItem","position":1,"name":"Home","item":"https:\/\/www.iskreni.net\/trgovina\/"},{"@type":"ListItem","position":2,"name":"Trgovina","item":"https:\/\/www.iskreni.net\/trgovina\/trgovina\/"},{"@type":"ListItem","position":3,"name":"Berem z Vidom 2"}]},{"@type":"WebSite","@id":"https:\/\/www.iskreni.net\/trgovina\/#website","url":"https:\/\/www.iskreni.net\/trgovina\/","name":"Zavod Iskreni","description":"trgovina","potentialAction":[{"@type":"SearchAction","target":{"@type":"EntryPoint","urlTemplate":"https:\/\/www.iskreni.net\/trgovina\/?s={search_term_string}"},"query-input":{"@type":"PropertyValueSpecification","valueRequired":true,"valueName":"search_term_string"}}],"inLanguage":"sl-SI"}]}},"_links":{"self":[{"href":"https:\/\/www.iskreni.net\/trgovina\/wp-json\/wp\/v2\/product\/58647","targetHints":{"allow":["GET"]}}],"collection":[{"href":"https:\/\/www.iskreni.net\/trgovina\/wp-json\/wp\/v2\/product"}],"about":[{"href":"https:\/\/www.iskreni.net\/trgovina\/wp-json\/wp\/v2\/types\/product"}],"replies":[{"embeddable":true,"href":"https:\/\/www.iskreni.net\/trgovina\/wp-json\/wp\/v2\/comments?post=58647"}],"version-history":[{"count":4,"href":"https:\/\/www.iskreni.net\/trgovina\/wp-json\/wp\/v2\/product\/58647\/revisions"}],"predecessor-version":[{"id":70102,"href":"https:\/\/www.iskreni.net\/trgovina\/wp-json\/wp\/v2\/product\/58647\/revisions\/70102"}],"wp:featuredmedia":[{"embeddable":true,"href":"https:\/\/www.iskreni.net\/trgovina\/wp-json\/wp\/v2\/media\/58592"}],"wp:attachment":[{"href":"https:\/\/www.iskreni.net\/trgovina\/wp-json\/wp\/v2\/media?parent=58647"}],"wp:term":[{"taxonomy":"product_brand","embeddable":true,"href":"https:\/\/www.iskreni.net\/trgovina\/wp-json\/wp\/v2\/product_brand?post=58647"},{"taxonomy":"product_cat","embeddable":true,"href":"https:\/\/www.iskreni.net\/trgovina\/wp-json\/wp\/v2\/product_cat?post=58647"},{"taxonomy":"product_tag","embeddable":true,"href":"https:\/\/www.iskreni.net\/trgovina\/wp-json\/wp\/v2\/product_tag?post=58647"},{"taxonomy":"avtor","embeddable":true,"href":"https:\/\/www.iskreni.net\/trgovina\/wp-json\/wp\/v2\/avtor?post=58647"},{"taxonomy":"zalozba","embeddable":true,"href":"https:\/\/www.iskreni.net\/trgovina\/wp-json\/wp\/v2\/zalozba?post=58647"},{"taxonomy":"vezava","embeddable":true,"href":"https:\/\/www.iskreni.net\/trgovina\/wp-json\/wp\/v2\/vezava?post=58647"}],"curies":[{"name":"wp","href":"https:\/\/api.w.org\/{rel}","templated":true}]}}