{"id":54354,"date":"2022-05-16T15:20:30","date_gmt":"2022-05-16T13:20:30","guid":{"rendered":"https:\/\/www.iskreni.net\/trgovina\/?post_type=product&#038;p=54354"},"modified":"2023-10-20T11:55:04","modified_gmt":"2023-10-20T09:55:04","slug":"zmagoslavno-leto","status":"publish","type":"product","link":"https:\/\/www.iskreni.net\/trgovina\/product\/zmagoslavno-leto\/","title":{"rendered":"Zmagoslavno leto"},"content":{"rendered":"<h3 class=\"title\">O izdelku<\/h3>\n<p>Kateri so bili klju\u010dni akterji, ki so nas popeljali na pot osamosvojitve?<br \/>\nKdo je iskal re\u0161itve in sklepal kompromise?<br \/>\nKak\u0161ni so bili pogledi na samostojno Slovenijo?<br \/>\nKako so se Slovenci spopadali z izzivi, ki so bili pred njimi?<br \/>\nKateri so bili najpomembnej\u0161i dogodki, dokumenti, odlo\u010ditve, ki so zaznamovali prihodnost na\u0161e dr\u017eave?<\/p>\n<p>To so le nekatera izmed vpra\u0161anj, na katera odgovarjajo avtorji prispevkov, ki se spominjajo vsakega posameznega dneva osamosvojitvenega leta. Strokovni pregled \u010dlankov je opravljala zgodovinarka dr. Andreja Vali\u010d Zver. Ob vsakem prispevku je QR koda, ki omogo\u010da dostop do podrobnej\u0161ega besedila, objavljenega na spletni strani Urada vlade za komuniciranje <a href=\"https:\/\/www.gov.si\/zbirke\/projekti-in-programi\/30-let-samostojnosti-slovenije\/\"><em>gov.si\/slovenija30<\/em><\/a>.<\/p>\n<p>Knjigo\u00a0<em>Zmagoslavno leto<\/em>\u00a0bogatijo izbrane slikovne priloge ter izjave prodornih posameznikov, ki so nam povedali, kako \u010dutijo Slovenijo, kak\u0161en odnos imajo do dr\u017eave in kaj ji \u017eelijo na njeni nadaljnji poti.<\/p>\n<p>Knjiga je iz\u0161la v sodelovanju z Uradom Vlade Republike Slovenije za komuniciranje.<\/p>\n<p><a href=\"https:\/\/www.iskreni.net\/trgovina\/wp-content\/uploads\/2023\/10\/Zmagoslavno-leto-layout.pdf\">Prelistajte knjigo<\/a><\/p>\n<p class=\"is-muted\"><strong><em>Odlomek iz knjige<\/em><\/strong>\u00a0:<\/p>\n<p class=\"is-muted\"><strong><em>Od projekta \u00bbNa dana\u0161nji dan\u00ab do knjige \u00bbZmagoslavno leto\u00ab<\/em><\/strong><\/p>\n<p class=\"is-muted\"><em>Republika Slovenija je v letu 2021 praznovala 30. obletnico vrste pomembnih dogodkov v procesu, ki so tlakovali pot v razglasitev in za\u0161\u010dito ukrepov samostojne, neodvisne in suverene dr\u017eave. Slovenska skup\u0161\u010dina je sprejela osamosvojitveno zakonodajo na temelju plebiscitarne odlo\u010ditve iz decembra 1990, razglasitev samostojnosti in neodvisnosti pa 25. junija 1991. Jugoslovanska vlada se je odlo\u010dila, da bo z vsemi sredstvi prepre\u010dila zgodovinsko odlo\u010ditev slovenskega naroda. S svojimi politi\u010dnimi in voja\u0161ko-policijskimi aktivnostmi, ki so se za\u010dele \u017ee mesece pred razglasitvijo neodvisnosti, ter z mo\u010dnimi propagandnimi dejavnostmi je dala vedeti, da ni pripravljena na demokrati\u010dni dialog in miren razplet krize. Toda u\u010dinkovitost slovenske vlade, visoka motivacija in odli\u010dna organizacija slovenske vojske in policije ter enotnost slovenskega javnega mnenja so \u017ee po nekaj dneh oboro\u017eenega spopada za Slovenijo pripeljali do spoznanja \u2013 doma in v tujini \u2013, da Slovenije z nobeno silo ne bo mogo\u010de pokoriti. Mednarodna skupnost, ki je bila do slovenskih osamosvojitvenih namer skepti\u010dna ali jim je odkrito nasprotovala, je po\u010dasi spreminjala svoje mnenje. Slovenija je postala naposled tudi mednarodno priznana. Pred tridesetimi leti se je spisala zgodba o uspehu naroda v srednji Evropi. To ni bila podarjena zgodba, uvo\u017eena iz tujine, ampak si je slovenski narod pravico do samostojnega bivanja in spo\u0161tovanje moral priboriti v te\u017ekih okoli\u0161\u010dinah s svojimi dejanji tudi v mednarodnih odnosih.\u00a0<\/em><\/p>\n<p class=\"is-muted\"><em>Tako se je v letu 1991 do mednarodnega priznanja januarja 1992 zgostilo ogromno dejanj, ki so vzpostavili slovensko dr\u017eavo. Seveda so pomembni tudi akterji, ki so sprejemali pogumne odlo\u010ditve v dobrobit Slovenije.<\/em><\/p>\n<p class=\"is-muted\"><em><strong>Na dana\u0161nji dan<\/strong><\/em><\/p>\n<p class=\"is-muted\"><em><strong>\u00a0<\/strong><\/em><em>Projekt Urada vlade za komuniciranje &#8220;Na dana\u0161nji dan&#8221; ob 30. obletnici samostojne, neodvisne in suverene dr\u017eave Republike Slovenije je za\u017eivel decembra 2020 in potekal do 15. januarja 2022. Prispevke je pripravljala skupina enaindvajsetih avtorjev, sestavljena iz uveljavljenih strokovnjakov: zgodovinarjev, novinarjev, komentatorjev, politi\u010dnih analitikov in drugih.<\/em><\/p>\n","protected":false},"excerpt":{"rendered":"<p><strong>Spremna beseda: <\/strong>Janez Jan\u0161a<br \/>\n<strong>Leto izdaje:<\/strong> 2022<br \/>\nZmagoslavno leto je slikovna monografija o dogajanju med 1. januarjem 1991 in 15. januarjem 1992, ko smo si izborili samostojno, neodvisno in suvereno dr\u017eavo.<\/p>\n<p><a href=\"https:\/\/www.iskreni.net\/trgovina\/wp-content\/uploads\/2023\/10\/Zmagoslavno-leto-layout.pdf\">Prelistajte knjigo<\/a><\/p>\n","protected":false},"featured_media":54358,"comment_status":"open","ping_status":"closed","template":"","meta":[],"product_brand":[],"product_cat":[2326,63],"product_tag":[1491,1000],"avtor":[2545],"zalozba":[2311],"vezava":[2306],"class_list":{"0":"post-54354","1":"product","2":"type-product","3":"status-publish","4":"has-post-thumbnail","6":"product_cat-druzbena-vprasanja-in-humanistika","7":"product_cat-knjige","8":"product_tag-osamosvojitev","9":"product_tag-slovenija","10":"avtor-dr-andreja-valic-zver","11":"zalozba-druzina","12":"vezava-trda","14":"first","15":"instock","16":"taxable","17":"shipping-taxable","18":"purchasable","19":"product-type-simple"},"yoast_head":"<!-- This site is optimized with the Yoast SEO plugin v26.3 - https:\/\/yoast.com\/wordpress\/plugins\/seo\/ -->\n<title>Zmagoslavno leto<\/title>\n<meta name=\"description\" content=\"Zmagoslavno leto je slikovna monografija o dogajanju med 1. januarjem 1991 in 15. januarjem 1992, ko smo si izborili samostojno, neodvisno in suvereno dr\u017eavo.\" \/>\n<meta name=\"robots\" content=\"index, follow, max-snippet:-1, max-image-preview:large, max-video-preview:-1\" \/>\n<link rel=\"canonical\" href=\"https:\/\/www.iskreni.net\/trgovina\/product\/zmagoslavno-leto\/\" \/>\n<meta property=\"og:locale\" content=\"sl_SI\" \/>\n<meta property=\"og:type\" content=\"article\" \/>\n<meta property=\"og:title\" content=\"Zmagoslavno leto\" \/>\n<meta property=\"og:description\" content=\"Zmagoslavno leto je slikovna monografija o dogajanju med 1. januarjem 1991 in 15. januarjem 1992, ko smo si izborili samostojno, neodvisno in suvereno dr\u017eavo.\" \/>\n<meta property=\"og:url\" content=\"https:\/\/www.iskreni.net\/trgovina\/product\/zmagoslavno-leto\/\" \/>\n<meta property=\"og:site_name\" content=\"Zavod Iskreni\" \/>\n<meta property=\"article:modified_time\" content=\"2023-10-20T09:55:04+00:00\" \/>\n<meta property=\"og:image\" content=\"https:\/\/www.iskreni.net\/trgovina\/wp-content\/uploads\/2022\/05\/Slike-za-v-spletno-trgovino-8.jpg\" \/>\n\t<meta property=\"og:image:width\" content=\"600\" \/>\n\t<meta property=\"og:image:height\" content=\"600\" \/>\n\t<meta property=\"og:image:type\" content=\"image\/jpeg\" \/>\n<meta name=\"twitter:card\" content=\"summary_large_image\" \/>\n<meta name=\"twitter:label1\" content=\"Est. reading time\" \/>\n\t<meta name=\"twitter:data1\" content=\"3 minute\" \/>\n<script type=\"application\/ld+json\" class=\"yoast-schema-graph\">{\"@context\":\"https:\/\/schema.org\",\"@graph\":[{\"@type\":\"WebPage\",\"@id\":\"https:\/\/www.iskreni.net\/trgovina\/product\/zmagoslavno-leto\/\",\"url\":\"https:\/\/www.iskreni.net\/trgovina\/product\/zmagoslavno-leto\/\",\"name\":\"Zmagoslavno leto\",\"isPartOf\":{\"@id\":\"https:\/\/www.iskreni.net\/trgovina\/#website\"},\"primaryImageOfPage\":{\"@id\":\"https:\/\/www.iskreni.net\/trgovina\/product\/zmagoslavno-leto\/#primaryimage\"},\"image\":{\"@id\":\"https:\/\/www.iskreni.net\/trgovina\/product\/zmagoslavno-leto\/#primaryimage\"},\"thumbnailUrl\":\"https:\/\/www.iskreni.net\/trgovina\/wp-content\/uploads\/2022\/05\/Slike-za-v-spletno-trgovino-8.jpg\",\"datePublished\":\"2022-05-16T13:20:30+00:00\",\"dateModified\":\"2023-10-20T09:55:04+00:00\",\"description\":\"Zmagoslavno leto je slikovna monografija o dogajanju med 1. januarjem 1991 in 15. januarjem 1992, ko smo si izborili samostojno, neodvisno in suvereno dr\u017eavo.\",\"breadcrumb\":{\"@id\":\"https:\/\/www.iskreni.net\/trgovina\/product\/zmagoslavno-leto\/#breadcrumb\"},\"inLanguage\":\"sl-SI\",\"potentialAction\":[{\"@type\":\"ReadAction\",\"target\":[\"https:\/\/www.iskreni.net\/trgovina\/product\/zmagoslavno-leto\/\"]}]},{\"@type\":\"ImageObject\",\"inLanguage\":\"sl-SI\",\"@id\":\"https:\/\/www.iskreni.net\/trgovina\/product\/zmagoslavno-leto\/#primaryimage\",\"url\":\"https:\/\/www.iskreni.net\/trgovina\/wp-content\/uploads\/2022\/05\/Slike-za-v-spletno-trgovino-8.jpg\",\"contentUrl\":\"https:\/\/www.iskreni.net\/trgovina\/wp-content\/uploads\/2022\/05\/Slike-za-v-spletno-trgovino-8.jpg\",\"width\":600,\"height\":600},{\"@type\":\"BreadcrumbList\",\"@id\":\"https:\/\/www.iskreni.net\/trgovina\/product\/zmagoslavno-leto\/#breadcrumb\",\"itemListElement\":[{\"@type\":\"ListItem\",\"position\":1,\"name\":\"Home\",\"item\":\"https:\/\/www.iskreni.net\/trgovina\/\"},{\"@type\":\"ListItem\",\"position\":2,\"name\":\"Trgovina\",\"item\":\"https:\/\/www.iskreni.net\/trgovina\/trgovina\/\"},{\"@type\":\"ListItem\",\"position\":3,\"name\":\"Zmagoslavno leto\"}]},{\"@type\":\"WebSite\",\"@id\":\"https:\/\/www.iskreni.net\/trgovina\/#website\",\"url\":\"https:\/\/www.iskreni.net\/trgovina\/\",\"name\":\"Zavod Iskreni\",\"description\":\"trgovina\",\"potentialAction\":[{\"@type\":\"SearchAction\",\"target\":{\"@type\":\"EntryPoint\",\"urlTemplate\":\"https:\/\/www.iskreni.net\/trgovina\/?s={search_term_string}\"},\"query-input\":{\"@type\":\"PropertyValueSpecification\",\"valueRequired\":true,\"valueName\":\"search_term_string\"}}],\"inLanguage\":\"sl-SI\"}]}<\/script>\n<!-- \/ Yoast SEO plugin. -->","yoast_head_json":{"title":"Zmagoslavno leto","description":"Zmagoslavno leto je slikovna monografija o dogajanju med 1. januarjem 1991 in 15. januarjem 1992, ko smo si izborili samostojno, neodvisno in suvereno dr\u017eavo.","robots":{"index":"index","follow":"follow","max-snippet":"max-snippet:-1","max-image-preview":"max-image-preview:large","max-video-preview":"max-video-preview:-1"},"canonical":"https:\/\/www.iskreni.net\/trgovina\/product\/zmagoslavno-leto\/","og_locale":"sl_SI","og_type":"article","og_title":"Zmagoslavno leto","og_description":"Zmagoslavno leto je slikovna monografija o dogajanju med 1. januarjem 1991 in 15. januarjem 1992, ko smo si izborili samostojno, neodvisno in suvereno dr\u017eavo.","og_url":"https:\/\/www.iskreni.net\/trgovina\/product\/zmagoslavno-leto\/","og_site_name":"Zavod Iskreni","article_modified_time":"2023-10-20T09:55:04+00:00","og_image":[{"width":600,"height":600,"url":"https:\/\/www.iskreni.net\/trgovina\/wp-content\/uploads\/2022\/05\/Slike-za-v-spletno-trgovino-8.jpg","type":"image\/jpeg"}],"twitter_card":"summary_large_image","twitter_misc":{"Est. reading time":"3 minute"},"schema":{"@context":"https:\/\/schema.org","@graph":[{"@type":"WebPage","@id":"https:\/\/www.iskreni.net\/trgovina\/product\/zmagoslavno-leto\/","url":"https:\/\/www.iskreni.net\/trgovina\/product\/zmagoslavno-leto\/","name":"Zmagoslavno leto","isPartOf":{"@id":"https:\/\/www.iskreni.net\/trgovina\/#website"},"primaryImageOfPage":{"@id":"https:\/\/www.iskreni.net\/trgovina\/product\/zmagoslavno-leto\/#primaryimage"},"image":{"@id":"https:\/\/www.iskreni.net\/trgovina\/product\/zmagoslavno-leto\/#primaryimage"},"thumbnailUrl":"https:\/\/www.iskreni.net\/trgovina\/wp-content\/uploads\/2022\/05\/Slike-za-v-spletno-trgovino-8.jpg","datePublished":"2022-05-16T13:20:30+00:00","dateModified":"2023-10-20T09:55:04+00:00","description":"Zmagoslavno leto je slikovna monografija o dogajanju med 1. januarjem 1991 in 15. januarjem 1992, ko smo si izborili samostojno, neodvisno in suvereno dr\u017eavo.","breadcrumb":{"@id":"https:\/\/www.iskreni.net\/trgovina\/product\/zmagoslavno-leto\/#breadcrumb"},"inLanguage":"sl-SI","potentialAction":[{"@type":"ReadAction","target":["https:\/\/www.iskreni.net\/trgovina\/product\/zmagoslavno-leto\/"]}]},{"@type":"ImageObject","inLanguage":"sl-SI","@id":"https:\/\/www.iskreni.net\/trgovina\/product\/zmagoslavno-leto\/#primaryimage","url":"https:\/\/www.iskreni.net\/trgovina\/wp-content\/uploads\/2022\/05\/Slike-za-v-spletno-trgovino-8.jpg","contentUrl":"https:\/\/www.iskreni.net\/trgovina\/wp-content\/uploads\/2022\/05\/Slike-za-v-spletno-trgovino-8.jpg","width":600,"height":600},{"@type":"BreadcrumbList","@id":"https:\/\/www.iskreni.net\/trgovina\/product\/zmagoslavno-leto\/#breadcrumb","itemListElement":[{"@type":"ListItem","position":1,"name":"Home","item":"https:\/\/www.iskreni.net\/trgovina\/"},{"@type":"ListItem","position":2,"name":"Trgovina","item":"https:\/\/www.iskreni.net\/trgovina\/trgovina\/"},{"@type":"ListItem","position":3,"name":"Zmagoslavno leto"}]},{"@type":"WebSite","@id":"https:\/\/www.iskreni.net\/trgovina\/#website","url":"https:\/\/www.iskreni.net\/trgovina\/","name":"Zavod Iskreni","description":"trgovina","potentialAction":[{"@type":"SearchAction","target":{"@type":"EntryPoint","urlTemplate":"https:\/\/www.iskreni.net\/trgovina\/?s={search_term_string}"},"query-input":{"@type":"PropertyValueSpecification","valueRequired":true,"valueName":"search_term_string"}}],"inLanguage":"sl-SI"}]}},"_links":{"self":[{"href":"https:\/\/www.iskreni.net\/trgovina\/wp-json\/wp\/v2\/product\/54354","targetHints":{"allow":["GET"]}}],"collection":[{"href":"https:\/\/www.iskreni.net\/trgovina\/wp-json\/wp\/v2\/product"}],"about":[{"href":"https:\/\/www.iskreni.net\/trgovina\/wp-json\/wp\/v2\/types\/product"}],"replies":[{"embeddable":true,"href":"https:\/\/www.iskreni.net\/trgovina\/wp-json\/wp\/v2\/comments?post=54354"}],"version-history":[{"count":5,"href":"https:\/\/www.iskreni.net\/trgovina\/wp-json\/wp\/v2\/product\/54354\/revisions"}],"predecessor-version":[{"id":70250,"href":"https:\/\/www.iskreni.net\/trgovina\/wp-json\/wp\/v2\/product\/54354\/revisions\/70250"}],"wp:featuredmedia":[{"embeddable":true,"href":"https:\/\/www.iskreni.net\/trgovina\/wp-json\/wp\/v2\/media\/54358"}],"wp:attachment":[{"href":"https:\/\/www.iskreni.net\/trgovina\/wp-json\/wp\/v2\/media?parent=54354"}],"wp:term":[{"taxonomy":"product_brand","embeddable":true,"href":"https:\/\/www.iskreni.net\/trgovina\/wp-json\/wp\/v2\/product_brand?post=54354"},{"taxonomy":"product_cat","embeddable":true,"href":"https:\/\/www.iskreni.net\/trgovina\/wp-json\/wp\/v2\/product_cat?post=54354"},{"taxonomy":"product_tag","embeddable":true,"href":"https:\/\/www.iskreni.net\/trgovina\/wp-json\/wp\/v2\/product_tag?post=54354"},{"taxonomy":"avtor","embeddable":true,"href":"https:\/\/www.iskreni.net\/trgovina\/wp-json\/wp\/v2\/avtor?post=54354"},{"taxonomy":"zalozba","embeddable":true,"href":"https:\/\/www.iskreni.net\/trgovina\/wp-json\/wp\/v2\/zalozba?post=54354"},{"taxonomy":"vezava","embeddable":true,"href":"https:\/\/www.iskreni.net\/trgovina\/wp-json\/wp\/v2\/vezava?post=54354"}],"curies":[{"name":"wp","href":"https:\/\/api.w.org\/{rel}","templated":true}]}}