{"id":51705,"date":"2022-03-15T10:41:30","date_gmt":"2022-03-15T09:41:30","guid":{"rendered":"https:\/\/www.iskreni.net\/trgovina\/?post_type=product&#038;p=51705"},"modified":"2026-03-14T20:42:32","modified_gmt":"2026-03-14T19:42:32","slug":"tukaj-sem-zate-in-to-je-zgodba-mojega-zivljenje-veliki-teden-po-dnevih","status":"publish","type":"product","link":"https:\/\/www.iskreni.net\/trgovina\/product\/tukaj-sem-zate-in-to-je-zgodba-mojega-zivljenje-veliki-teden-po-dnevih\/","title":{"rendered":"Tukaj sem zate &#8230; in to je zgodba mojega vstajenja: Veliki teden po dnevih"},"content":{"rendered":"<h3><strong>O knjigi:<\/strong><\/h3>\n<p class=\"has-text-align-center color-1\">Nova knjiga iz zbirke\u00a0<strong>TUKAJ SEM ZATE<\/strong> je tu! V njej Jezus pripoveduje o zadnjih dnevih svojega zemeljskega \u017eivljenja \u2013 od Cvetne nedelje do vstajenja, in sicer\u00a0<strong>PO DNEVIH<\/strong>!<\/p>\n<p class=\"has-text-align-center\">V knjigi najdete dogodke, ki jih navajajo <strong>e<\/strong><strong>vangeliji<\/strong>, dan za dnem \u2013 da bo priprava na veliko no\u010d res do\u017eiveta!<\/p>\n<p class=\"has-text-align-center\">Od cvetne nedelje do velikono\u010dnega jutra, <strong>dan za dnem<\/strong>, kaj in kako se je zgodilo \u2026<\/p>\n<p>Ne zamudite prilo\u017enosti za premi\u0161ljevanje in do\u017eivljanje velikega tedna za vas in va\u0161e otroke \u2013 velika no\u010d je pred vrati!<\/p>\n<h3>Avtorica o knjigi:<\/h3>\n<p>Vsako leto sem bila pred veliko no\u010djo znova in znova v zadregi \u2013 kako bi najbolje do\u017eivela Jezusovo trpljenje in vstajenje? In kako naj to najbolje pribli\u017eam svojim otrokom?<\/p>\n<p>Poglobila sem se v Evangelije in takoj je za\u010dela nastajati nova zgodba, nova knjiga. Besede so v navdihu padale na papir in kmalu sem lahko spoznala, v kak\u0161no pustolov\u0161\u010dino me tokrat vodi Jezus. \u010ce sem v prvi slikanici z besedo in sliko globoko do\u017eivela Jezusovo \u017eivljenje od rojstva do njegovega vnebohoda, sem v pri\u010dujo\u010di zgodbi poglobila zavedanje Njegovega trpljenja in vstajenja. Tako je nastala pripoved o zadnjih dnevih Jezusovega zemeljskega \u017eivljenja: <strong>v<\/strong><strong>eliki teden po dnevih<\/strong> \u2013 od cvetne nedelje do velikono\u010dnega jutra. Takoj za tem so nastale \u0161e ilustracije, ki so pripoved dopolnile in vsem dale konkretne obraze.<\/p>\n<p>Tudi v tej knjigi je ta, ki pripoveduje, Jezus sam. Pripoveduje nam o svojem globokem odnosu z Bogom O\u010detom, o svojem veselju, strahu, \u017ealosti obupu, bole\u010dinah in osamljenosti. Razkriva nam svojo ljubezen, ki jo \u017eeli dopolniti za vsako ceno in za vedno ostati z nami. Deklica pa ga v ti\u0161ini poslu\u0161a. V vsej zgodbi ne re\u010de niti ene besede \u2013 na Jezusove spodbude odgovarja v srcu in sicer tako, da se pusti notranje preoblikovati. Na koncu se mu, prevzeta od veselja, popolnoma zaupa in prepusti.<\/p>\n<p>Kakor prva, je tudi ta knjiga je pisana in posve\u010dena vsem deklicam tega sveta. Ne more biti druga\u010de, saj sem vsebino do\u017eivljala skozi svojo \u017eenskost. Vendar pa ni namenjena le na\u0161im h\u010derkam ali otrokom. Namenjena je vse nam, \u017eenskam, mamicam \u2013 saj v vsaki od nas \u017eivi ta mala deklica, ki \u010daka na popolno izpolnitev v ljubezni!<\/p>\n<p>\u017delim si, da bi jo prebrale vse \u017eenske sveta in da bi vas Jezusova popolna podaritev \u010dloveku izpolnila.<\/p>\n<h3><strong>O avtorici:<\/strong><\/h3>\n<p style=\"font-weight: 400;\">Nata\u0161a Rupena je na akademiji Belle Arti v Benetkah do\u0161tudirala oblikovanje. Med \u0161tudijem je do\u017eivela spreobrnjenje v kr\u0161\u010dansko (katoli\u0161ko) vero, ki je mo\u010dno preobrnil njeno \u017eivljenjsko pot. Spoznala je, da jo \u017eivljenje kot umetnice ne osre\u010duje, zato je zapustila okolje galerij in ateljeja ter se poglobila v \u0161tudij teologije. Zaljubljena v Jezusa in njegove prijatelje v nebesih je Bogu izro\u010dila vse svoje talente in dolga leta v svojem delu ni na\u0161la pravega miru.<\/p>\n<p style=\"font-weight: 400;\">Njeno \u017eivljenje je bilo duhovno vseskozi nadvse pestro in bogato: globoko do\u017eivljanje Boga in Njegove navzo\u010dnosti jo je vedno znova spodbujalo k pisanju in tako so nastajale molitve, zapiski in \u010dlanki, objavljeni v katoli\u0161kih medijih. Po bolezni, zaradi katere je za ve\u010d mesecev oble\u017eala in hudem duhovnem boju, je nastala njena prva knjiga \u00bbVsega hudega \u2013 re\u0161i nas, o Gospod!\u00ab. Kmalu za tem so za\u010dela nastajati \u0161e besedila in ilustracije za otro\u0161ke knjige.<\/p>\n","protected":false},"excerpt":{"rendered":"<p><strong>\u0160tevilo strani:<\/strong> 68<br \/>\n<strong>Leto izdaje:<\/strong> 2022<\/p>\n<p><strong><em>Ali ste vedeli \u2026<\/em><\/strong><br \/>\n<em>&#8211; Da so knjige TUKAJ SEM ZATE primerne za vse starosti, saj vsak \u010dlovek hrepeni po Bo\u017ejem dotiku?<\/em><br \/>\n<em>&#8211; Da besedilo in ilustracije odgovarjajo na otrokove (in vsakr\u0161ne) potrebe po spoznavanju Boga?<\/em><br \/>\n<em>&#8211; Da je besedilo podano jasno in z ob\u010dutkom ter brez nepotrebnega \u00bbki\u010da\u00ab?<\/em><br \/>\n<em>&#8211; Da je vsebina usklajena s Svetim Pismom?<\/em><br \/>\n<em>&#8211; Da so vse knjige iz zbirke TUKAJ SEM ZATE nastajale po\u010dasi, v molitvi in v prisr\u010dnem pogovoru z Jezusom?<\/em><br \/>\n<em>&#8211; Da si jih boste \u017eeleli ve\u010dkrat prebrati?<\/em><\/p>\n","protected":false},"featured_media":51733,"comment_status":"open","ping_status":"closed","template":"","meta":[],"product_brand":[],"product_cat":[63,135],"product_tag":[391,762,2634,1411],"avtor":[2369],"zalozba":[2346],"vezava":[2306],"class_list":{"0":"post-51705","1":"product","2":"type-product","3":"status-publish","4":"has-post-thumbnail","6":"product_cat-knjige","7":"product_cat-za-otroke","8":"product_tag-jezus","9":"product_tag-post-in-velika-noc","10":"product_tag-tukaj-sem-zate","11":"product_tag-velika-noc","12":"avtor-natasa-rupena","13":"zalozba-samozalozba-fede-natasa-rupena-s-p","14":"vezava-trda","16":"first","17":"instock","18":"taxable","19":"shipping-taxable","20":"purchasable","21":"product-type-simple"},"yoast_head":"<!-- This site is optimized with the Yoast SEO plugin v26.3 - https:\/\/yoast.com\/wordpress\/plugins\/seo\/ -->\n<title>Tukaj sem zate: Veliki teden po dnevih - trgovina Iskreni<\/title>\n<meta name=\"description\" content=\"V novi knjigi\u00a0Jezus pripoveduje o zadnjih dnevih svojega zemeljskega \u017eivljenja \u2013 od Cvetne nedelje do vstajenja in sicer\u00a0PO DNEVIH!\" \/>\n<meta name=\"robots\" content=\"index, follow, max-snippet:-1, max-image-preview:large, max-video-preview:-1\" \/>\n<link rel=\"canonical\" href=\"https:\/\/www.iskreni.net\/trgovina\/product\/tukaj-sem-zate-in-to-je-zgodba-mojega-zivljenje-veliki-teden-po-dnevih\/\" \/>\n<meta property=\"og:locale\" content=\"sl_SI\" \/>\n<meta property=\"og:type\" content=\"article\" \/>\n<meta property=\"og:title\" content=\"Tukaj sem zate: Veliki teden po dnevih - trgovina Iskreni\" \/>\n<meta property=\"og:description\" content=\"V novi knjigi\u00a0Jezus pripoveduje o zadnjih dnevih svojega zemeljskega \u017eivljenja \u2013 od Cvetne nedelje do vstajenja in sicer\u00a0PO DNEVIH!\" \/>\n<meta property=\"og:url\" content=\"https:\/\/www.iskreni.net\/trgovina\/product\/tukaj-sem-zate-in-to-je-zgodba-mojega-zivljenje-veliki-teden-po-dnevih\/\" \/>\n<meta property=\"og:site_name\" content=\"Zavod Iskreni\" \/>\n<meta property=\"article:modified_time\" content=\"2026-03-14T19:42:32+00:00\" \/>\n<meta property=\"og:image\" content=\"https:\/\/www.iskreni.net\/trgovina\/wp-content\/uploads\/2022\/03\/knjiga-tukaj-sem-zate-veliki-teden-2.jpg\" \/>\n\t<meta property=\"og:image:width\" content=\"1024\" \/>\n\t<meta property=\"og:image:height\" content=\"933\" \/>\n\t<meta property=\"og:image:type\" content=\"image\/jpeg\" \/>\n<meta name=\"twitter:card\" content=\"summary_large_image\" \/>\n<meta name=\"twitter:label1\" content=\"Est. reading time\" \/>\n\t<meta name=\"twitter:data1\" content=\"3 minute\" \/>\n<script type=\"application\/ld+json\" class=\"yoast-schema-graph\">{\"@context\":\"https:\/\/schema.org\",\"@graph\":[{\"@type\":\"WebPage\",\"@id\":\"https:\/\/www.iskreni.net\/trgovina\/product\/tukaj-sem-zate-in-to-je-zgodba-mojega-zivljenje-veliki-teden-po-dnevih\/\",\"url\":\"https:\/\/www.iskreni.net\/trgovina\/product\/tukaj-sem-zate-in-to-je-zgodba-mojega-zivljenje-veliki-teden-po-dnevih\/\",\"name\":\"Tukaj sem zate: Veliki teden po dnevih - trgovina Iskreni\",\"isPartOf\":{\"@id\":\"https:\/\/www.iskreni.net\/trgovina\/#website\"},\"primaryImageOfPage\":{\"@id\":\"https:\/\/www.iskreni.net\/trgovina\/product\/tukaj-sem-zate-in-to-je-zgodba-mojega-zivljenje-veliki-teden-po-dnevih\/#primaryimage\"},\"image\":{\"@id\":\"https:\/\/www.iskreni.net\/trgovina\/product\/tukaj-sem-zate-in-to-je-zgodba-mojega-zivljenje-veliki-teden-po-dnevih\/#primaryimage\"},\"thumbnailUrl\":\"https:\/\/www.iskreni.net\/trgovina\/wp-content\/uploads\/2022\/03\/knjiga-tukaj-sem-zate-veliki-teden-2.jpg\",\"datePublished\":\"2022-03-15T09:41:30+00:00\",\"dateModified\":\"2026-03-14T19:42:32+00:00\",\"description\":\"V novi knjigi\u00a0Jezus pripoveduje o zadnjih dnevih svojega zemeljskega \u017eivljenja \u2013 od Cvetne nedelje do vstajenja in sicer\u00a0PO DNEVIH!\",\"breadcrumb\":{\"@id\":\"https:\/\/www.iskreni.net\/trgovina\/product\/tukaj-sem-zate-in-to-je-zgodba-mojega-zivljenje-veliki-teden-po-dnevih\/#breadcrumb\"},\"inLanguage\":\"sl-SI\",\"potentialAction\":[{\"@type\":\"ReadAction\",\"target\":[\"https:\/\/www.iskreni.net\/trgovina\/product\/tukaj-sem-zate-in-to-je-zgodba-mojega-zivljenje-veliki-teden-po-dnevih\/\"]}]},{\"@type\":\"ImageObject\",\"inLanguage\":\"sl-SI\",\"@id\":\"https:\/\/www.iskreni.net\/trgovina\/product\/tukaj-sem-zate-in-to-je-zgodba-mojega-zivljenje-veliki-teden-po-dnevih\/#primaryimage\",\"url\":\"https:\/\/www.iskreni.net\/trgovina\/wp-content\/uploads\/2022\/03\/knjiga-tukaj-sem-zate-veliki-teden-2.jpg\",\"contentUrl\":\"https:\/\/www.iskreni.net\/trgovina\/wp-content\/uploads\/2022\/03\/knjiga-tukaj-sem-zate-veliki-teden-2.jpg\",\"width\":1024,\"height\":933},{\"@type\":\"BreadcrumbList\",\"@id\":\"https:\/\/www.iskreni.net\/trgovina\/product\/tukaj-sem-zate-in-to-je-zgodba-mojega-zivljenje-veliki-teden-po-dnevih\/#breadcrumb\",\"itemListElement\":[{\"@type\":\"ListItem\",\"position\":1,\"name\":\"Home\",\"item\":\"https:\/\/www.iskreni.net\/trgovina\/\"},{\"@type\":\"ListItem\",\"position\":2,\"name\":\"Trgovina\",\"item\":\"https:\/\/www.iskreni.net\/trgovina\/trgovina\/\"},{\"@type\":\"ListItem\",\"position\":3,\"name\":\"Tukaj sem zate &#8230; in to je zgodba mojega vstajenja: Veliki teden po dnevih\"}]},{\"@type\":\"WebSite\",\"@id\":\"https:\/\/www.iskreni.net\/trgovina\/#website\",\"url\":\"https:\/\/www.iskreni.net\/trgovina\/\",\"name\":\"Zavod Iskreni\",\"description\":\"trgovina\",\"potentialAction\":[{\"@type\":\"SearchAction\",\"target\":{\"@type\":\"EntryPoint\",\"urlTemplate\":\"https:\/\/www.iskreni.net\/trgovina\/?s={search_term_string}\"},\"query-input\":{\"@type\":\"PropertyValueSpecification\",\"valueRequired\":true,\"valueName\":\"search_term_string\"}}],\"inLanguage\":\"sl-SI\"}]}<\/script>\n<!-- \/ Yoast SEO plugin. -->","yoast_head_json":{"title":"Tukaj sem zate: Veliki teden po dnevih - trgovina Iskreni","description":"V novi knjigi\u00a0Jezus pripoveduje o zadnjih dnevih svojega zemeljskega \u017eivljenja \u2013 od Cvetne nedelje do vstajenja in sicer\u00a0PO DNEVIH!","robots":{"index":"index","follow":"follow","max-snippet":"max-snippet:-1","max-image-preview":"max-image-preview:large","max-video-preview":"max-video-preview:-1"},"canonical":"https:\/\/www.iskreni.net\/trgovina\/product\/tukaj-sem-zate-in-to-je-zgodba-mojega-zivljenje-veliki-teden-po-dnevih\/","og_locale":"sl_SI","og_type":"article","og_title":"Tukaj sem zate: Veliki teden po dnevih - trgovina Iskreni","og_description":"V novi knjigi\u00a0Jezus pripoveduje o zadnjih dnevih svojega zemeljskega \u017eivljenja \u2013 od Cvetne nedelje do vstajenja in sicer\u00a0PO DNEVIH!","og_url":"https:\/\/www.iskreni.net\/trgovina\/product\/tukaj-sem-zate-in-to-je-zgodba-mojega-zivljenje-veliki-teden-po-dnevih\/","og_site_name":"Zavod Iskreni","article_modified_time":"2026-03-14T19:42:32+00:00","og_image":[{"width":1024,"height":933,"url":"https:\/\/www.iskreni.net\/trgovina\/wp-content\/uploads\/2022\/03\/knjiga-tukaj-sem-zate-veliki-teden-2.jpg","type":"image\/jpeg"}],"twitter_card":"summary_large_image","twitter_misc":{"Est. reading time":"3 minute"},"schema":{"@context":"https:\/\/schema.org","@graph":[{"@type":"WebPage","@id":"https:\/\/www.iskreni.net\/trgovina\/product\/tukaj-sem-zate-in-to-je-zgodba-mojega-zivljenje-veliki-teden-po-dnevih\/","url":"https:\/\/www.iskreni.net\/trgovina\/product\/tukaj-sem-zate-in-to-je-zgodba-mojega-zivljenje-veliki-teden-po-dnevih\/","name":"Tukaj sem zate: Veliki teden po dnevih - trgovina Iskreni","isPartOf":{"@id":"https:\/\/www.iskreni.net\/trgovina\/#website"},"primaryImageOfPage":{"@id":"https:\/\/www.iskreni.net\/trgovina\/product\/tukaj-sem-zate-in-to-je-zgodba-mojega-zivljenje-veliki-teden-po-dnevih\/#primaryimage"},"image":{"@id":"https:\/\/www.iskreni.net\/trgovina\/product\/tukaj-sem-zate-in-to-je-zgodba-mojega-zivljenje-veliki-teden-po-dnevih\/#primaryimage"},"thumbnailUrl":"https:\/\/www.iskreni.net\/trgovina\/wp-content\/uploads\/2022\/03\/knjiga-tukaj-sem-zate-veliki-teden-2.jpg","datePublished":"2022-03-15T09:41:30+00:00","dateModified":"2026-03-14T19:42:32+00:00","description":"V novi knjigi\u00a0Jezus pripoveduje o zadnjih dnevih svojega zemeljskega \u017eivljenja \u2013 od Cvetne nedelje do vstajenja in sicer\u00a0PO DNEVIH!","breadcrumb":{"@id":"https:\/\/www.iskreni.net\/trgovina\/product\/tukaj-sem-zate-in-to-je-zgodba-mojega-zivljenje-veliki-teden-po-dnevih\/#breadcrumb"},"inLanguage":"sl-SI","potentialAction":[{"@type":"ReadAction","target":["https:\/\/www.iskreni.net\/trgovina\/product\/tukaj-sem-zate-in-to-je-zgodba-mojega-zivljenje-veliki-teden-po-dnevih\/"]}]},{"@type":"ImageObject","inLanguage":"sl-SI","@id":"https:\/\/www.iskreni.net\/trgovina\/product\/tukaj-sem-zate-in-to-je-zgodba-mojega-zivljenje-veliki-teden-po-dnevih\/#primaryimage","url":"https:\/\/www.iskreni.net\/trgovina\/wp-content\/uploads\/2022\/03\/knjiga-tukaj-sem-zate-veliki-teden-2.jpg","contentUrl":"https:\/\/www.iskreni.net\/trgovina\/wp-content\/uploads\/2022\/03\/knjiga-tukaj-sem-zate-veliki-teden-2.jpg","width":1024,"height":933},{"@type":"BreadcrumbList","@id":"https:\/\/www.iskreni.net\/trgovina\/product\/tukaj-sem-zate-in-to-je-zgodba-mojega-zivljenje-veliki-teden-po-dnevih\/#breadcrumb","itemListElement":[{"@type":"ListItem","position":1,"name":"Home","item":"https:\/\/www.iskreni.net\/trgovina\/"},{"@type":"ListItem","position":2,"name":"Trgovina","item":"https:\/\/www.iskreni.net\/trgovina\/trgovina\/"},{"@type":"ListItem","position":3,"name":"Tukaj sem zate &#8230; in to je zgodba mojega vstajenja: Veliki teden po dnevih"}]},{"@type":"WebSite","@id":"https:\/\/www.iskreni.net\/trgovina\/#website","url":"https:\/\/www.iskreni.net\/trgovina\/","name":"Zavod Iskreni","description":"trgovina","potentialAction":[{"@type":"SearchAction","target":{"@type":"EntryPoint","urlTemplate":"https:\/\/www.iskreni.net\/trgovina\/?s={search_term_string}"},"query-input":{"@type":"PropertyValueSpecification","valueRequired":true,"valueName":"search_term_string"}}],"inLanguage":"sl-SI"}]}},"_links":{"self":[{"href":"https:\/\/www.iskreni.net\/trgovina\/wp-json\/wp\/v2\/product\/51705","targetHints":{"allow":["GET"]}}],"collection":[{"href":"https:\/\/www.iskreni.net\/trgovina\/wp-json\/wp\/v2\/product"}],"about":[{"href":"https:\/\/www.iskreni.net\/trgovina\/wp-json\/wp\/v2\/types\/product"}],"replies":[{"embeddable":true,"href":"https:\/\/www.iskreni.net\/trgovina\/wp-json\/wp\/v2\/comments?post=51705"}],"version-history":[{"count":15,"href":"https:\/\/www.iskreni.net\/trgovina\/wp-json\/wp\/v2\/product\/51705\/revisions"}],"predecessor-version":[{"id":71015,"href":"https:\/\/www.iskreni.net\/trgovina\/wp-json\/wp\/v2\/product\/51705\/revisions\/71015"}],"wp:featuredmedia":[{"embeddable":true,"href":"https:\/\/www.iskreni.net\/trgovina\/wp-json\/wp\/v2\/media\/51733"}],"wp:attachment":[{"href":"https:\/\/www.iskreni.net\/trgovina\/wp-json\/wp\/v2\/media?parent=51705"}],"wp:term":[{"taxonomy":"product_brand","embeddable":true,"href":"https:\/\/www.iskreni.net\/trgovina\/wp-json\/wp\/v2\/product_brand?post=51705"},{"taxonomy":"product_cat","embeddable":true,"href":"https:\/\/www.iskreni.net\/trgovina\/wp-json\/wp\/v2\/product_cat?post=51705"},{"taxonomy":"product_tag","embeddable":true,"href":"https:\/\/www.iskreni.net\/trgovina\/wp-json\/wp\/v2\/product_tag?post=51705"},{"taxonomy":"avtor","embeddable":true,"href":"https:\/\/www.iskreni.net\/trgovina\/wp-json\/wp\/v2\/avtor?post=51705"},{"taxonomy":"zalozba","embeddable":true,"href":"https:\/\/www.iskreni.net\/trgovina\/wp-json\/wp\/v2\/zalozba?post=51705"},{"taxonomy":"vezava","embeddable":true,"href":"https:\/\/www.iskreni.net\/trgovina\/wp-json\/wp\/v2\/vezava?post=51705"}],"curies":[{"name":"wp","href":"https:\/\/api.w.org\/{rel}","templated":true}]}}